{"id":258,"date":"2023-06-20T10:41:09","date_gmt":"2023-06-20T10:41:09","guid":{"rendered":"http:\/\/memoriacesib.es\/2023\/presentacio-2\/"},"modified":"2025-08-11T14:22:27","modified_gmt":"2025-08-11T14:22:27","slug":"presentacio","status":"publish","type":"page","link":"https:\/\/memoriacesib.es\/2023\/presentacio\/","title":{"rendered":"Presentacio"},"content":{"rendered":"\t\t<div data-elementor-type=\"wp-page\" data-elementor-id=\"258\" class=\"elementor elementor-258\" data-elementor-post-type=\"page\">\n\t\t\t\t\t\t<section class=\"elementor-section elementor-top-section elementor-element elementor-element-4d094eb4 elementor-section-boxed elementor-section-height-default elementor-section-height-default\" data-id=\"4d094eb4\" data-element_type=\"section\" data-e-type=\"section\" data-settings=\"{&quot;background_background&quot;:&quot;classic&quot;}\">\n\t\t\t\t\t\t<div class=\"elementor-container elementor-column-gap-default\">\n\t\t\t\t\t<div class=\"elementor-column elementor-col-100 elementor-top-column elementor-element elementor-element-562cdc1a\" data-id=\"562cdc1a\" data-element_type=\"column\" data-e-type=\"column\">\n\t\t\t<div class=\"elementor-widget-wrap elementor-element-populated\">\n\t\t\t\t\t\t<div class=\"elementor-element elementor-element-7c0c355 elementor-widget elementor-widget-heading\" data-id=\"7c0c355\" data-element_type=\"widget\" data-e-type=\"widget\" data-widget_type=\"heading.default\">\n\t\t\t\t<div class=\"elementor-widget-container\">\n\t\t\t\t\t<h1 class=\"elementor-heading-title elementor-size-default\">presentaci\u00f3<\/h1>\t\t\t\t<\/div>\n\t\t\t\t<\/div>\n\t\t\t\t\t<\/div>\n\t\t<\/div>\n\t\t\t\t\t<\/div>\n\t\t<\/section>\n\t\t\t\t<section class=\"elementor-section elementor-top-section elementor-element elementor-element-2acecbbf elementor-section-boxed elementor-section-height-default elementor-section-height-default\" data-id=\"2acecbbf\" data-element_type=\"section\" data-e-type=\"section\">\n\t\t\t\t\t\t<div class=\"elementor-container elementor-column-gap-default\">\n\t\t\t\t\t<div class=\"elementor-column elementor-col-100 elementor-top-column elementor-element elementor-element-2138794e\" data-id=\"2138794e\" data-element_type=\"column\" data-e-type=\"column\">\n\t\t\t<div class=\"elementor-widget-wrap elementor-element-populated\">\n\t\t\t\t\t\t<section class=\"elementor-section elementor-inner-section elementor-element elementor-element-76adf72 elementor-section-boxed elementor-section-height-default elementor-section-height-default\" data-id=\"76adf72\" data-element_type=\"section\" data-e-type=\"section\">\n\t\t\t\t\t\t<div class=\"elementor-container elementor-column-gap-default\">\n\t\t\t\t\t<div class=\"elementor-column elementor-col-100 elementor-inner-column elementor-element elementor-element-8fd7c12\" data-id=\"8fd7c12\" data-element_type=\"column\" data-e-type=\"column\" data-settings=\"{&quot;background_background&quot;:&quot;classic&quot;}\">\n\t\t\t<div class=\"elementor-widget-wrap elementor-element-populated\">\n\t\t\t\t\t\t<div class=\"elementor-element elementor-element-7ee0661e elementor-widget elementor-widget-text-editor\" data-id=\"7ee0661e\" data-element_type=\"widget\" data-e-type=\"widget\" data-widget_type=\"text-editor.default\">\n\t\t\t\t<div class=\"elementor-widget-container\">\n\t\t\t\t\t\t\t\t\t<p class=\"p1\">La mem\u00f2ria del CES de les Illes Balears sobre l\u2019economia, el treball, el medi ambient i la societat de les Illes Balears intenta realitzar any rere any una an\u00e0lisi el m\u00e9s objectiu i ampli possible de la realitat balear. Des d\u2019un enfocament hol\u00edstic intenta presentar les principals dades econ\u00f2miques, socials i mediambientals de les nostres illes per prendre consci\u00e8ncia d\u2019on venim i on hem transitat durant l\u2019exercici analitzat. No es tracta de fer judicis de valor sin\u00f3 de mostrar la realitat per prendre consci\u00e8ncia situacional i poder reflexionar a partir de les dades obtingudes. Cal ser conscients que les dades actuals s\u00f3n resultat d\u2019esdeveniments i de decisions adoptades en el passat i que igualment en el futur les decisions que prenguem modificaran tend\u00e8ncies i resultats.<\/p><p class=\"p1\">La mem\u00f2ria del CES Illes Balears que presentem reflecteix en termes generals una recuperaci\u00f3 total de la pand\u00e8mia i una tornada a la normalitat. De manera m\u00e9s espec\u00edfica, el 2023 va ser un any marcat per la plena recuperaci\u00f3 de l\u2019activitat econ\u00f2mica, la inflaci\u00f3, la pujada de tipus d\u2019inter\u00e8s i la creaci\u00f3 d\u2019ocupaci\u00f3. L\u2019encariment dels aliments, l\u2019habitatge i els problemes de mobilitat han aflorat com les m\u00e0ximes preocupacions dels ciutadans corrents de les Balears mentre que la manca de m\u00e0 d\u2019obra qualificada i l\u2019augment dels costos dels consums s\u2019han convertit en les principals dificultats empresarials.<\/p><p class=\"p1\">Potser el principal problema social que es manifesta a l\u2019estudi i, que per les seves ramificacions afecta pr\u00e0cticament totes les esferes de les illes, ha estat l\u2019habitatge. El seu estancament pel costat de l\u2019oferta unit al creixement continuat de la demanda pel constant augment poblacional s\u2019ha tradu\u00eft en increments de preus tant dels habitatges com dels lloguers molt per sobre de l\u2019augment del poder adquisitiu dels ciutadans. Aquest fenomen t\u00e9 m\u00faltiples derivades sobre l\u2019oferta de m\u00e0 d\u2019obra, les places de cobertura professional dif\u00edcil, la dificultat per atraure funcionaris de l\u2019escala nacional o l\u2019augment de les desigualtats.<\/p><p class=\"p1\">La preocupaci\u00f3 per la descarbonitzaci\u00f3 de l\u2019economia i el seu encaix amb el creixement del benestar poblacional han adquirit rellev\u00e0ncia i pres\u00e8ncia per als ciutadans de les illes al llarg de l\u2019any 2023 a mesura que s\u2019aconseguien nous records en l\u2019augment de les temperatures globals i el nombre de desastres clim\u00e0tics. L\u2019\u00edndex sint\u00e8tic de la mem\u00f2ria del CES Illes Balears mostra un lleuger deteriorament en comparaci\u00f3 amb l\u2019exercici anterior en l\u00ednia amb el comportament global tant a nivell nacional com internacional.<\/p><p class=\"p1\">La mem\u00f2ria inclou tamb\u00e9 quadres monogr\u00e0fics que intenten projectar llum sobre temes considerats especialment candents. Sens dubte, la productivitat i els seus efectes sobre el nivell relatiu de la renda per c\u00e0pita de les Balears ha estat un tema que atrau l\u2019atenci\u00f3 de molts economistes i al qual el CES intenta aportar una mica de llum. La Comissi\u00f3 d\u2019elaboraci\u00f3 de la mem\u00f2ria del CES tamb\u00e9 ha volgut ressaltar la preocupaci\u00f3 creixent per la salut mental i els problemes psicol\u00f2gics de la inf\u00e0ncia a les illes. Hi ha una creixent consci\u00e8ncia sobre els problemes que afecten els menors i la necessitat de prestar-li m\u00e9s recursos i atenci\u00f3. L\u2019estat de la formaci\u00f3 professional i la necessitat de potenciar-la per atendre millor les demandes de les fam\u00edlies, els alumnes i les empreses de les nostres illes \u00e9s l\u2019objecte del nostre tercer quadre i, finalment, amb un enfocament m\u00e9s formalitzat es presenta un model que intenta analitzar els possibles impactes de la inflaci\u00f3 sobre la distribuci\u00f3 de la renda.<\/p><p class=\"p1\">Per\u00f2 per aprofundir i entendre la veritable magnitud i escala d\u2019aquests problemes, el CES Balears els anima a endinsar-se en la lectura de la mem\u00f2ria tant en la seva edici\u00f3 de paper com en la seva versi\u00f3 digital (disponible a la p\u00e0gina web del CES) i si ho desitgen poden fer-se amb el resum executiu de nou en qualsevol de les seves versions. La comissi\u00f3 de la mem\u00f2ria desitja des de fa anys acostar el m\u00e0xim possible la mem\u00f2ria als seus ciutadans, i amb aquesta finalitat continua reestructurant cap\u00edtols, seleccionant encara m\u00e9s les dades, disminuint- ne l\u2019extensi\u00f3 i multiplicant les vies d\u2019acc\u00e9s a la mem\u00f2ria. No cessarem a afirmar que es tracta d\u2019una mem\u00f2ria de tots per a tots, per la qual cosa intentem any a any incrementar l\u2019\u00fas de les dades i el material recopilat a la mem\u00f2ria seguint una filosofia d\u2019 oppen acces. No podem tancar aquesta presentaci\u00f3 sense mostrar el nostre agra\u00efment a la feina feta pel president de la comissi\u00f3 de la mem\u00f2ria, Carles Mulet , els restants membres de la comissi\u00f3, els autors, col\u00b7laboradors i treballadors del CES sense els quals aquesta mem\u00f2ria no seria possible. Darrere de les dades i quadres presentats hi ha moltes hores de treball realitzades amb metodologia, objectivitat i pulcritud. L\u2019any que ve el nostre nivell d\u2019exig\u00e8ncia augmentar\u00e0 encara m\u00e9s ja que la mateixa comissi\u00f3 vol que la presentaci\u00f3 de la mem\u00f2ria es faci a finals del primer semestre de l\u2019any o els primers dies del segon.<\/p><p class=\"p1\">Per acabar, volem recordar que el CES de les Illes Balears es constitueix com un f\u00f2rum de di\u00e0leg organitzat representatiu dels diferents estaments de la societat incloent empreses, treballadors, societat civil i ens representatius territorials. El CES com a \u00f2rgan representatiu del conjunt de la societat civil t\u00e9 un origen estatutari i opera des de fa m\u00e9s de dues d\u00e8cades discutint, elaborant i presentant estudis, resolucions i dict\u00e0mens que afecten les nostres illes en aspectes socials, econ\u00f2mics i mediambientals. Representativitat, organitzaci\u00f3, suport institucional i experi\u00e8ncia s\u00f3n els atributs que defineixen la nostra instituci\u00f3, instituci\u00f3 que est\u00e0 i sempre estar\u00e0 al servei de la nostra Comunitat quan se\u2019l requereixi.<\/p><p class=\"p1\">De nou, i igual que a la mem\u00f2ria de l\u2019any 2022 Moltes gr\u00e0cies per tot; moltes gr\u00e0cies per tant,<\/p>\t\t\t\t\t\t\t\t<\/div>\n\t\t\t\t<\/div>\n\t\t\t\t<div class=\"elementor-element elementor-element-1b41622b elementor-widget elementor-widget-text-editor\" data-id=\"1b41622b\" data-element_type=\"widget\" data-e-type=\"widget\" data-widget_type=\"text-editor.default\">\n\t\t\t\t<div class=\"elementor-widget-container\">\n\t\t\t\t\t\t\t\t\t<p style=\"text-align: center;\">Rafel Ballester Salv\u00e0<\/p>\t\t\t\t\t\t\t\t<\/div>\n\t\t\t\t<\/div>\n\t\t\t\t<div class=\"elementor-element elementor-element-951422f elementor-widget elementor-widget-heading\" data-id=\"951422f\" data-element_type=\"widget\" data-e-type=\"widget\" data-widget_type=\"heading.default\">\n\t\t\t\t<div class=\"elementor-widget-container\">\n\t\t\t\t\t<h2 class=\"elementor-heading-title elementor-size-default\">President del CES<\/h2>\t\t\t\t<\/div>\n\t\t\t\t<\/div>\n\t\t\t\t<div class=\"elementor-element elementor-element-685fcb21 elementor-widget elementor-widget-image\" data-id=\"685fcb21\" data-element_type=\"widget\" data-e-type=\"widget\" data-widget_type=\"image.default\">\n\t\t\t\t<div class=\"elementor-widget-container\">\n\t\t\t\t\t\t\t\t\t\t\t\t\t\t\t<img fetchpriority=\"high\" decoding=\"async\" width=\"800\" height=\"392\" src=\"https:\/\/memoriacesib.es\/2023\/wp-content\/uploads\/2023\/08\/Firma-boli-2-1024x502.jpg\" class=\"attachment-large size-large wp-image-1237\" alt=\"\" srcset=\"https:\/\/memoriacesib.es\/2023\/wp-content\/uploads\/2023\/08\/Firma-boli-2-1024x502.jpg 1024w, https:\/\/memoriacesib.es\/2023\/wp-content\/uploads\/2023\/08\/Firma-boli-2-300x147.jpg 300w, https:\/\/memoriacesib.es\/2023\/wp-content\/uploads\/2023\/08\/Firma-boli-2-768x376.jpg 768w, https:\/\/memoriacesib.es\/2023\/wp-content\/uploads\/2023\/08\/Firma-boli-2-1536x752.jpg 1536w, https:\/\/memoriacesib.es\/2023\/wp-content\/uploads\/2023\/08\/Firma-boli-2-2048x1003.jpg 2048w\" sizes=\"(max-width: 800px) 100vw, 800px\" \/>\t\t\t\t\t\t\t\t\t\t\t\t\t\t\t<\/div>\n\t\t\t\t<\/div>\n\t\t\t\t\t<\/div>\n\t\t<\/div>\n\t\t\t\t\t<\/div>\n\t\t<\/section>\n\t\t\t\t\t<\/div>\n\t\t<\/div>\n\t\t\t\t\t<\/div>\n\t\t<\/section>\n\t\t\t\t<\/div>\n\t\t","protected":false},"excerpt":{"rendered":"<p>presentaci\u00f3 La mem\u00f2ria del CES de les Illes Balears sobre l\u2019economia, el treball, el medi ambient i la societat de les Illes Balears intenta realitzar any rere any una an\u00e0lisi el m\u00e9s objectiu i ampli possible de la realitat balear. Des d\u2019un enfocament hol\u00edstic intenta presentar les principals dades econ\u00f2miques, socials i mediambientals de les [&hellip;]<\/p>\n","protected":false},"author":1,"featured_media":2907,"parent":0,"menu_order":1,"comment_status":"closed","ping_status":"closed","template":"","meta":{"footnotes":""},"class_list":["post-258","page","type-page","status-publish","has-post-thumbnail","hentry"],"yoast_head":"<!-- This site is optimized with the Yoast SEO plugin v27.3 - https:\/\/yoast.com\/product\/yoast-seo-wordpress\/ -->\n<title>Presentaci\u00f3 de Rafel Ballester Salv\u00e0 (President del CES)<\/title>\n<meta name=\"description\" content=\"La Mem\u00f2ria 2023 intenta realitzar any rere any una an\u00e0lisi el m\u00e9s objectiu i ampli possible de la realitat balear.\" \/>\n<meta name=\"robots\" content=\"index, follow, max-snippet:-1, max-image-preview:large, max-video-preview:-1\" \/>\n<link rel=\"canonical\" href=\"https:\/\/memoriacesib.es\/2023\/presentacio\/\" \/>\n<meta property=\"og:locale\" content=\"es_ES\" \/>\n<meta property=\"og:type\" content=\"article\" \/>\n<meta property=\"og:title\" content=\"Presentaci\u00f3 de Rafel Ballester Salv\u00e0 (President del CES)\" \/>\n<meta property=\"og:description\" content=\"La Mem\u00f2ria 2023 intenta realitzar any rere any una an\u00e0lisi el m\u00e9s objectiu i ampli possible de la realitat balear.\" \/>\n<meta property=\"og:url\" content=\"https:\/\/memoriacesib.es\/2023\/presentacio\/\" \/>\n<meta property=\"og:site_name\" content=\"Memoria CES 2023\" \/>\n<meta property=\"article:publisher\" content=\"https:\/\/www.facebook.com\/cesillesbalears\" \/>\n<meta property=\"article:modified_time\" content=\"2025-08-11T14:22:27+00:00\" \/>\n<meta property=\"og:image\" content=\"https:\/\/memoriacesib.es\/2023\/wp-content\/uploads\/2023\/11\/mallorcadiario.jpg\" \/>\n\t<meta property=\"og:image:width\" content=\"1382\" \/>\n\t<meta property=\"og:image:height\" content=\"914\" \/>\n\t<meta property=\"og:image:type\" content=\"image\/jpeg\" \/>\n<meta name=\"twitter:card\" content=\"summary_large_image\" \/>\n<meta name=\"twitter:site\" content=\"@ces_ib\" \/>\n<meta name=\"twitter:label1\" content=\"Tiempo de lectura\" \/>\n\t<meta name=\"twitter:data1\" content=\"5 minutos\" \/>\n<script type=\"application\/ld+json\" class=\"yoast-schema-graph\">{\"@context\":\"https:\\\/\\\/schema.org\",\"@graph\":[{\"@type\":\"WebPage\",\"@id\":\"https:\\\/\\\/memoriacesib.es\\\/2023\\\/presentacio\\\/\",\"url\":\"https:\\\/\\\/memoriacesib.es\\\/2023\\\/presentacio\\\/\",\"name\":\"Presentaci\u00f3 de Rafel Ballester Salv\u00e0 (President del CES)\",\"isPartOf\":{\"@id\":\"https:\\\/\\\/memoriacesib.es\\\/2023\\\/#website\"},\"primaryImageOfPage\":{\"@id\":\"https:\\\/\\\/memoriacesib.es\\\/2023\\\/presentacio\\\/#primaryimage\"},\"image\":{\"@id\":\"https:\\\/\\\/memoriacesib.es\\\/2023\\\/presentacio\\\/#primaryimage\"},\"thumbnailUrl\":\"https:\\\/\\\/memoriacesib.es\\\/2023\\\/wp-content\\\/uploads\\\/2023\\\/11\\\/mallorcadiario.jpg\",\"datePublished\":\"2023-06-20T10:41:09+00:00\",\"dateModified\":\"2025-08-11T14:22:27+00:00\",\"description\":\"La Mem\u00f2ria 2023 intenta realitzar any rere any una an\u00e0lisi el m\u00e9s objectiu i ampli possible de la realitat balear.\",\"breadcrumb\":{\"@id\":\"https:\\\/\\\/memoriacesib.es\\\/2023\\\/presentacio\\\/#breadcrumb\"},\"inLanguage\":\"es\",\"potentialAction\":[{\"@type\":\"ReadAction\",\"target\":[\"https:\\\/\\\/memoriacesib.es\\\/2023\\\/presentacio\\\/\"]}]},{\"@type\":\"ImageObject\",\"inLanguage\":\"es\",\"@id\":\"https:\\\/\\\/memoriacesib.es\\\/2023\\\/presentacio\\\/#primaryimage\",\"url\":\"https:\\\/\\\/memoriacesib.es\\\/2023\\\/wp-content\\\/uploads\\\/2023\\\/11\\\/mallorcadiario.jpg\",\"contentUrl\":\"https:\\\/\\\/memoriacesib.es\\\/2023\\\/wp-content\\\/uploads\\\/2023\\\/11\\\/mallorcadiario.jpg\",\"width\":1382,\"height\":914},{\"@type\":\"BreadcrumbList\",\"@id\":\"https:\\\/\\\/memoriacesib.es\\\/2023\\\/presentacio\\\/#breadcrumb\",\"itemListElement\":[{\"@type\":\"ListItem\",\"position\":1,\"name\":\"Portada\",\"item\":\"https:\\\/\\\/memoriacesib.es\\\/2023\\\/\"},{\"@type\":\"ListItem\",\"position\":2,\"name\":\"Presentacio\"}]},{\"@type\":\"WebSite\",\"@id\":\"https:\\\/\\\/memoriacesib.es\\\/2023\\\/#website\",\"url\":\"https:\\\/\\\/memoriacesib.es\\\/2023\\\/\",\"name\":\"Memoria CES 2023\",\"description\":\"Memoria CES 2023\",\"publisher\":{\"@id\":\"https:\\\/\\\/memoriacesib.es\\\/2023\\\/#organization\"},\"potentialAction\":[{\"@type\":\"SearchAction\",\"target\":{\"@type\":\"EntryPoint\",\"urlTemplate\":\"https:\\\/\\\/memoriacesib.es\\\/2023\\\/?s={search_term_string}\"},\"query-input\":{\"@type\":\"PropertyValueSpecification\",\"valueRequired\":true,\"valueName\":\"search_term_string\"}}],\"inLanguage\":\"es\"},{\"@type\":\"Organization\",\"@id\":\"https:\\\/\\\/memoriacesib.es\\\/2023\\\/#organization\",\"name\":\"Consell Economic i Social de les Illes Balears (CES)\",\"url\":\"https:\\\/\\\/memoriacesib.es\\\/2023\\\/\",\"logo\":{\"@type\":\"ImageObject\",\"inLanguage\":\"es\",\"@id\":\"https:\\\/\\\/memoriacesib.es\\\/2023\\\/#\\\/schema\\\/logo\\\/image\\\/\",\"url\":\"https:\\\/\\\/memoriacesib.es\\\/2023\\\/wp-content\\\/uploads\\\/2023\\\/06\\\/Logo-Memoria-Ces-2023.png\",\"contentUrl\":\"https:\\\/\\\/memoriacesib.es\\\/2023\\\/wp-content\\\/uploads\\\/2023\\\/06\\\/Logo-Memoria-Ces-2023.png\",\"width\":800,\"height\":195,\"caption\":\"Consell Economic i Social de les Illes Balears (CES)\"},\"image\":{\"@id\":\"https:\\\/\\\/memoriacesib.es\\\/2023\\\/#\\\/schema\\\/logo\\\/image\\\/\"},\"sameAs\":[\"https:\\\/\\\/www.facebook.com\\\/cesillesbalears\",\"https:\\\/\\\/x.com\\\/ces_ib\",\"https:\\\/\\\/www.youtube.com\\\/channel\\\/UCrEmO9wh7KlUaQ9dWzvYrVg\"]}]}<\/script>\n<!-- \/ Yoast SEO plugin. -->","yoast_head_json":{"title":"Presentaci\u00f3 de Rafel Ballester Salv\u00e0 (President del CES)","description":"La Mem\u00f2ria 2023 intenta realitzar any rere any una an\u00e0lisi el m\u00e9s objectiu i ampli possible de la realitat balear.","robots":{"index":"index","follow":"follow","max-snippet":"max-snippet:-1","max-image-preview":"max-image-preview:large","max-video-preview":"max-video-preview:-1"},"canonical":"https:\/\/memoriacesib.es\/2023\/presentacio\/","og_locale":"es_ES","og_type":"article","og_title":"Presentaci\u00f3 de Rafel Ballester Salv\u00e0 (President del CES)","og_description":"La Mem\u00f2ria 2023 intenta realitzar any rere any una an\u00e0lisi el m\u00e9s objectiu i ampli possible de la realitat balear.","og_url":"https:\/\/memoriacesib.es\/2023\/presentacio\/","og_site_name":"Memoria CES 2023","article_publisher":"https:\/\/www.facebook.com\/cesillesbalears","article_modified_time":"2025-08-11T14:22:27+00:00","og_image":[{"width":1382,"height":914,"url":"https:\/\/memoriacesib.es\/2023\/wp-content\/uploads\/2023\/11\/mallorcadiario.jpg","type":"image\/jpeg"}],"twitter_card":"summary_large_image","twitter_site":"@ces_ib","twitter_misc":{"Tiempo de lectura":"5 minutos"},"schema":{"@context":"https:\/\/schema.org","@graph":[{"@type":"WebPage","@id":"https:\/\/memoriacesib.es\/2023\/presentacio\/","url":"https:\/\/memoriacesib.es\/2023\/presentacio\/","name":"Presentaci\u00f3 de Rafel Ballester Salv\u00e0 (President del CES)","isPartOf":{"@id":"https:\/\/memoriacesib.es\/2023\/#website"},"primaryImageOfPage":{"@id":"https:\/\/memoriacesib.es\/2023\/presentacio\/#primaryimage"},"image":{"@id":"https:\/\/memoriacesib.es\/2023\/presentacio\/#primaryimage"},"thumbnailUrl":"https:\/\/memoriacesib.es\/2023\/wp-content\/uploads\/2023\/11\/mallorcadiario.jpg","datePublished":"2023-06-20T10:41:09+00:00","dateModified":"2025-08-11T14:22:27+00:00","description":"La Mem\u00f2ria 2023 intenta realitzar any rere any una an\u00e0lisi el m\u00e9s objectiu i ampli possible de la realitat balear.","breadcrumb":{"@id":"https:\/\/memoriacesib.es\/2023\/presentacio\/#breadcrumb"},"inLanguage":"es","potentialAction":[{"@type":"ReadAction","target":["https:\/\/memoriacesib.es\/2023\/presentacio\/"]}]},{"@type":"ImageObject","inLanguage":"es","@id":"https:\/\/memoriacesib.es\/2023\/presentacio\/#primaryimage","url":"https:\/\/memoriacesib.es\/2023\/wp-content\/uploads\/2023\/11\/mallorcadiario.jpg","contentUrl":"https:\/\/memoriacesib.es\/2023\/wp-content\/uploads\/2023\/11\/mallorcadiario.jpg","width":1382,"height":914},{"@type":"BreadcrumbList","@id":"https:\/\/memoriacesib.es\/2023\/presentacio\/#breadcrumb","itemListElement":[{"@type":"ListItem","position":1,"name":"Portada","item":"https:\/\/memoriacesib.es\/2023\/"},{"@type":"ListItem","position":2,"name":"Presentacio"}]},{"@type":"WebSite","@id":"https:\/\/memoriacesib.es\/2023\/#website","url":"https:\/\/memoriacesib.es\/2023\/","name":"Memoria CES 2023","description":"Memoria CES 2023","publisher":{"@id":"https:\/\/memoriacesib.es\/2023\/#organization"},"potentialAction":[{"@type":"SearchAction","target":{"@type":"EntryPoint","urlTemplate":"https:\/\/memoriacesib.es\/2023\/?s={search_term_string}"},"query-input":{"@type":"PropertyValueSpecification","valueRequired":true,"valueName":"search_term_string"}}],"inLanguage":"es"},{"@type":"Organization","@id":"https:\/\/memoriacesib.es\/2023\/#organization","name":"Consell Economic i Social de les Illes Balears (CES)","url":"https:\/\/memoriacesib.es\/2023\/","logo":{"@type":"ImageObject","inLanguage":"es","@id":"https:\/\/memoriacesib.es\/2023\/#\/schema\/logo\/image\/","url":"https:\/\/memoriacesib.es\/2023\/wp-content\/uploads\/2023\/06\/Logo-Memoria-Ces-2023.png","contentUrl":"https:\/\/memoriacesib.es\/2023\/wp-content\/uploads\/2023\/06\/Logo-Memoria-Ces-2023.png","width":800,"height":195,"caption":"Consell Economic i Social de les Illes Balears (CES)"},"image":{"@id":"https:\/\/memoriacesib.es\/2023\/#\/schema\/logo\/image\/"},"sameAs":["https:\/\/www.facebook.com\/cesillesbalears","https:\/\/x.com\/ces_ib","https:\/\/www.youtube.com\/channel\/UCrEmO9wh7KlUaQ9dWzvYrVg"]}]}},"_links":{"self":[{"href":"https:\/\/memoriacesib.es\/2023\/wp-json\/wp\/v2\/pages\/258","targetHints":{"allow":["GET"]}}],"collection":[{"href":"https:\/\/memoriacesib.es\/2023\/wp-json\/wp\/v2\/pages"}],"about":[{"href":"https:\/\/memoriacesib.es\/2023\/wp-json\/wp\/v2\/types\/page"}],"author":[{"embeddable":true,"href":"https:\/\/memoriacesib.es\/2023\/wp-json\/wp\/v2\/users\/1"}],"replies":[{"embeddable":true,"href":"https:\/\/memoriacesib.es\/2023\/wp-json\/wp\/v2\/comments?post=258"}],"version-history":[{"count":11,"href":"https:\/\/memoriacesib.es\/2023\/wp-json\/wp\/v2\/pages\/258\/revisions"}],"predecessor-version":[{"id":3493,"href":"https:\/\/memoriacesib.es\/2023\/wp-json\/wp\/v2\/pages\/258\/revisions\/3493"}],"wp:featuredmedia":[{"embeddable":true,"href":"https:\/\/memoriacesib.es\/2023\/wp-json\/wp\/v2\/media\/2907"}],"wp:attachment":[{"href":"https:\/\/memoriacesib.es\/2023\/wp-json\/wp\/v2\/media?parent=258"}],"curies":[{"name":"wp","href":"https:\/\/api.w.org\/{rel}","templated":true}]}}