{"id":264,"date":"2023-06-20T10:41:09","date_gmt":"2023-06-20T10:41:09","guid":{"rendered":"http:\/\/memoriacesib.es\/2023\/premsa-2\/"},"modified":"2025-08-11T14:30:14","modified_gmt":"2025-08-11T14:30:14","slug":"premsa-2","status":"publish","type":"page","link":"https:\/\/memoriacesib.es\/2023\/premsa-2\/","title":{"rendered":"Premsa"},"content":{"rendered":"\t\t<div data-elementor-type=\"wp-page\" data-elementor-id=\"264\" class=\"elementor elementor-264\" data-elementor-post-type=\"page\">\n\t\t\t\t\t\t<section class=\"elementor-section elementor-top-section elementor-element elementor-element-580343b1 elementor-section-boxed elementor-section-height-default elementor-section-height-default\" data-id=\"580343b1\" data-element_type=\"section\" data-e-type=\"section\" data-settings=\"{&quot;background_background&quot;:&quot;classic&quot;}\">\n\t\t\t\t\t\t<div class=\"elementor-container elementor-column-gap-default\">\n\t\t\t\t\t<div class=\"elementor-column elementor-col-100 elementor-top-column elementor-element elementor-element-1dffcd8e\" data-id=\"1dffcd8e\" data-element_type=\"column\" data-e-type=\"column\">\n\t\t\t<div class=\"elementor-widget-wrap elementor-element-populated\">\n\t\t\t\t\t\t<div class=\"elementor-element elementor-element-522cdea9 elementor-widget elementor-widget-heading\" data-id=\"522cdea9\" data-element_type=\"widget\" data-e-type=\"widget\" data-widget_type=\"heading.default\">\n\t\t\t\t<div class=\"elementor-widget-container\">\n\t\t\t\t\t<h1 class=\"elementor-heading-title elementor-size-default\">Mem\u00f2ria del CES als mitjans<\/h1>\t\t\t\t<\/div>\n\t\t\t\t<\/div>\n\t\t\t\t\t<\/div>\n\t\t<\/div>\n\t\t\t\t\t<\/div>\n\t\t<\/section>\n\t\t\t\t<section class=\"elementor-section elementor-top-section elementor-element elementor-element-37d55183 elementor-section-boxed elementor-section-height-default elementor-section-height-default\" data-id=\"37d55183\" data-element_type=\"section\" data-e-type=\"section\">\n\t\t\t\t\t\t<div class=\"elementor-container elementor-column-gap-default\">\n\t\t\t\t\t<div class=\"elementor-column elementor-col-100 elementor-top-column elementor-element elementor-element-2a1b5770\" data-id=\"2a1b5770\" data-element_type=\"column\" data-e-type=\"column\">\n\t\t\t<div class=\"elementor-widget-wrap elementor-element-populated\">\n\t\t\t\t\t\t<section class=\"elementor-section elementor-inner-section elementor-element elementor-element-52182653 elementor-section-boxed elementor-section-height-default elementor-section-height-default\" data-id=\"52182653\" data-element_type=\"section\" data-e-type=\"section\">\n\t\t\t\t\t\t<div class=\"elementor-container elementor-column-gap-default\">\n\t\t\t\t\t<div class=\"elementor-column elementor-col-100 elementor-inner-column elementor-element elementor-element-1710ca89\" data-id=\"1710ca89\" data-element_type=\"column\" data-e-type=\"column\">\n\t\t\t<div class=\"elementor-widget-wrap elementor-element-populated\">\n\t\t\t\t\t\t<div class=\"elementor-element elementor-element-690c5155 elementor-grid-4 elementor-grid-tablet-2 elementor-grid-mobile-1 elementor-posts--thumbnail-top elementor-posts__hover-gradient load-more-align-center elementor-widget elementor-widget-posts\" data-id=\"690c5155\" data-element_type=\"widget\" data-e-type=\"widget\" data-settings=\"{&quot;pagination_type&quot;:&quot;load_more_on_click&quot;,&quot;cards_columns&quot;:&quot;4&quot;,&quot;cards_columns_tablet&quot;:&quot;2&quot;,&quot;cards_columns_mobile&quot;:&quot;1&quot;,&quot;cards_row_gap&quot;:{&quot;unit&quot;:&quot;px&quot;,&quot;size&quot;:35,&quot;sizes&quot;:[]},&quot;cards_row_gap_tablet&quot;:{&quot;unit&quot;:&quot;px&quot;,&quot;size&quot;:&quot;&quot;,&quot;sizes&quot;:[]},&quot;cards_row_gap_mobile&quot;:{&quot;unit&quot;:&quot;px&quot;,&quot;size&quot;:&quot;&quot;,&quot;sizes&quot;:[]},&quot;load_more_spinner&quot;:{&quot;value&quot;:&quot;fas fa-spinner&quot;,&quot;library&quot;:&quot;fa-solid&quot;}}\" data-widget_type=\"posts.cards\">\n\t\t\t\t<div class=\"elementor-widget-container\">\n\t\t\t\t\t\t\t<div class=\"elementor-posts-container elementor-posts elementor-posts--skin-cards elementor-grid\" role=\"list\">\n\t\t\t\t<article class=\"elementor-post elementor-grid-item post-3756 post type-post status-publish format-standard has-post-thumbnail hentry category-mitjans\" role=\"listitem\">\n\t\t\t<div class=\"elementor-post__card\">\n\t\t\t\t<a class=\"elementor-post__thumbnail__link\" href=\"https:\/\/memoriacesib.es\/2023\/solo-uno-de-cada-tres-extranjeros-que-compran-vivienda-en-baleares-son-residentes\/\" tabindex=\"-1\" ><div class=\"elementor-post__thumbnail\"><img fetchpriority=\"high\" decoding=\"async\" width=\"1382\" height=\"914\" src=\"https:\/\/memoriacesib.es\/2023\/wp-content\/uploads\/Ultima-Hora.jpg\" class=\"attachment-full size-full wp-image-3757\" alt=\"\" srcset=\"https:\/\/memoriacesib.es\/2023\/wp-content\/uploads\/Ultima-Hora.jpg 1382w, https:\/\/memoriacesib.es\/2023\/wp-content\/uploads\/Ultima-Hora-300x198.jpg 300w, https:\/\/memoriacesib.es\/2023\/wp-content\/uploads\/Ultima-Hora-1024x677.jpg 1024w, https:\/\/memoriacesib.es\/2023\/wp-content\/uploads\/Ultima-Hora-768x508.jpg 768w\" sizes=\"(max-width: 1382px) 100vw, 1382px\" \/><\/div><\/a>\n\t\t\t\t<div class=\"elementor-post__text\">\n\t\t\t\t<h2 class=\"elementor-post__title\">\n\t\t\t<a href=\"https:\/\/memoriacesib.es\/2023\/solo-uno-de-cada-tres-extranjeros-que-compran-vivienda-en-baleares-son-residentes\/\" >\n\t\t\t\tSolo uno de cada tres extranjeros que compran vivienda en Baleares son residentes\t\t\t<\/a>\n\t\t<\/h2>\n\t\t\t\t<div class=\"elementor-post__excerpt\">\n\t\t\t<p>PALMA, 23 de setembre 2024. (ULTIMA HORA) Solo uno de cada tres extranjeros que compraron una vivienda en Baleares en 2023 eran residentes en el<\/p>\n\t\t<\/div>\n\t\t\n\t\t<a class=\"elementor-post__read-more\" href=\"https:\/\/memoriacesib.es\/2023\/solo-uno-de-cada-tres-extranjeros-que-compran-vivienda-en-baleares-son-residentes\/\" aria-label=\"M\u00e1s informaci\u00f3n sobre Solo uno de cada tres extranjeros que compran vivienda en Baleares son residentes\" tabindex=\"-1\" >\n\t\t\tLlegir \u00bb\t\t<\/a>\n\n\t\t\t\t<\/div>\n\t\t\t\t\t<\/div>\n\t\t<\/article>\n\t\t\t\t<article class=\"elementor-post elementor-grid-item post-3746 post type-post status-publish format-standard has-post-thumbnail hentry category-mitjans\" role=\"listitem\">\n\t\t\t<div class=\"elementor-post__card\">\n\t\t\t\t<a class=\"elementor-post__thumbnail__link\" href=\"https:\/\/memoriacesib.es\/2023\/la-memoria-del-ces-de-2023-constata-que-baleares-no-se-ha-diversificado-y-persiste-en-un-monocultivo-economico\/\" tabindex=\"-1\" ><div class=\"elementor-post__thumbnail\"><img decoding=\"async\" width=\"1382\" height=\"914\" src=\"https:\/\/memoriacesib.es\/2023\/wp-content\/uploads\/Europa-Press.jpg\" class=\"attachment-full size-full wp-image-3747\" alt=\"\" srcset=\"https:\/\/memoriacesib.es\/2023\/wp-content\/uploads\/Europa-Press.jpg 1382w, https:\/\/memoriacesib.es\/2023\/wp-content\/uploads\/Europa-Press-300x198.jpg 300w, https:\/\/memoriacesib.es\/2023\/wp-content\/uploads\/Europa-Press-1024x677.jpg 1024w, https:\/\/memoriacesib.es\/2023\/wp-content\/uploads\/Europa-Press-768x508.jpg 768w\" sizes=\"(max-width: 1382px) 100vw, 1382px\" \/><\/div><\/a>\n\t\t\t\t<div class=\"elementor-post__text\">\n\t\t\t\t<h2 class=\"elementor-post__title\">\n\t\t\t<a href=\"https:\/\/memoriacesib.es\/2023\/la-memoria-del-ces-de-2023-constata-que-baleares-no-se-ha-diversificado-y-persiste-en-un-monocultivo-economico\/\" >\n\t\t\t\tLa memoria del CES de 2023 constata que Baleares no se ha diversificado y persiste en un \u00abmonocultivo econ\u00f3mico\u00bb\t\t\t<\/a>\n\t\t<\/h2>\n\t\t\t\t<div class=\"elementor-post__excerpt\">\n\t\t\t<p>PALMA, 20 Setembre. (EUROPA PRESS) La memoria del CES de 2023 constata que Baleares no se ha diversificado y persiste en un \u00abmonocultivo econ\u00f3mico\u00bb El<\/p>\n\t\t<\/div>\n\t\t\n\t\t<a class=\"elementor-post__read-more\" href=\"https:\/\/memoriacesib.es\/2023\/la-memoria-del-ces-de-2023-constata-que-baleares-no-se-ha-diversificado-y-persiste-en-un-monocultivo-economico\/\" aria-label=\"M\u00e1s informaci\u00f3n sobre La memoria del CES de 2023 constata que Baleares no se ha diversificado y persiste en un \u00abmonocultivo econ\u00f3mico\u00bb\" tabindex=\"-1\" >\n\t\t\tLlegir \u00bb\t\t<\/a>\n\n\t\t\t\t<\/div>\n\t\t\t\t\t<\/div>\n\t\t<\/article>\n\t\t\t\t<article class=\"elementor-post elementor-grid-item post-3736 post type-post status-publish format-standard has-post-thumbnail hentry category-mitjans\" role=\"listitem\">\n\t\t\t<div class=\"elementor-post__card\">\n\t\t\t\t<a class=\"elementor-post__thumbnail__link\" href=\"https:\/\/memoriacesib.es\/2023\/la-memoria-del-ces-de-2023-constata-que-baleares-no-se-ha-diversificado-ecomicamente\/\" tabindex=\"-1\" ><div class=\"elementor-post__thumbnail\"><img decoding=\"async\" width=\"1382\" height=\"914\" src=\"https:\/\/memoriacesib.es\/2023\/wp-content\/uploads\/COPE.jpg\" class=\"attachment-full size-full wp-image-3737\" alt=\"\" srcset=\"https:\/\/memoriacesib.es\/2023\/wp-content\/uploads\/COPE.jpg 1382w, https:\/\/memoriacesib.es\/2023\/wp-content\/uploads\/COPE-300x198.jpg 300w, https:\/\/memoriacesib.es\/2023\/wp-content\/uploads\/COPE-1024x677.jpg 1024w, https:\/\/memoriacesib.es\/2023\/wp-content\/uploads\/COPE-768x508.jpg 768w\" sizes=\"(max-width: 1382px) 100vw, 1382px\" \/><\/div><\/a>\n\t\t\t\t<div class=\"elementor-post__text\">\n\t\t\t\t<h2 class=\"elementor-post__title\">\n\t\t\t<a href=\"https:\/\/memoriacesib.es\/2023\/la-memoria-del-ces-de-2023-constata-que-baleares-no-se-ha-diversificado-ecomicamente\/\" >\n\t\t\t\tLa memoria del CES de 2023 constata que Baleares no se ha diversificado ecomicamente\t\t\t<\/a>\n\t\t<\/h2>\n\t\t\t\t<div class=\"elementor-post__excerpt\">\n\t\t\t<p>PALMA, 20\u00a0 Setembre (Cope) El sector servicios en los \u00faltimos cinco a\u00f1os de la econom\u00eda balear supone el 87,1% en 2023, frente al 85,8% en<\/p>\n\t\t<\/div>\n\t\t\n\t\t<a class=\"elementor-post__read-more\" href=\"https:\/\/memoriacesib.es\/2023\/la-memoria-del-ces-de-2023-constata-que-baleares-no-se-ha-diversificado-ecomicamente\/\" aria-label=\"M\u00e1s informaci\u00f3n sobre La memoria del CES de 2023 constata que Baleares no se ha diversificado ecomicamente\" tabindex=\"-1\" >\n\t\t\tLlegir \u00bb\t\t<\/a>\n\n\t\t\t\t<\/div>\n\t\t\t\t\t<\/div>\n\t\t<\/article>\n\t\t\t\t<article class=\"elementor-post elementor-grid-item post-3723 post type-post status-publish format-standard has-post-thumbnail hentry category-mitjans\" role=\"listitem\">\n\t\t\t<div class=\"elementor-post__card\">\n\t\t\t\t<a class=\"elementor-post__thumbnail__link\" href=\"https:\/\/memoriacesib.es\/2023\/el-ces-indica-que-baleares-no-se-diversifica-y-persiste-en-el-monocultivo-economico\/\" tabindex=\"-1\" ><div class=\"elementor-post__thumbnail\"><img loading=\"lazy\" decoding=\"async\" width=\"1382\" height=\"914\" src=\"https:\/\/memoriacesib.es\/2023\/wp-content\/uploads\/Diario-de-Mallorca.jpg\" class=\"attachment-full size-full wp-image-3724\" alt=\"\" srcset=\"https:\/\/memoriacesib.es\/2023\/wp-content\/uploads\/Diario-de-Mallorca.jpg 1382w, https:\/\/memoriacesib.es\/2023\/wp-content\/uploads\/Diario-de-Mallorca-300x198.jpg 300w, https:\/\/memoriacesib.es\/2023\/wp-content\/uploads\/Diario-de-Mallorca-1024x677.jpg 1024w, https:\/\/memoriacesib.es\/2023\/wp-content\/uploads\/Diario-de-Mallorca-768x508.jpg 768w\" sizes=\"(max-width: 1382px) 100vw, 1382px\" \/><\/div><\/a>\n\t\t\t\t<div class=\"elementor-post__text\">\n\t\t\t\t<h2 class=\"elementor-post__title\">\n\t\t\t<a href=\"https:\/\/memoriacesib.es\/2023\/el-ces-indica-que-baleares-no-se-diversifica-y-persiste-en-el-monocultivo-economico\/\" >\n\t\t\t\tEl CES indica que Baleares no se diversifica y persiste en el monocultivo econ\u00f3mico\t\t\t<\/a>\n\t\t<\/h2>\n\t\t\t\t<div class=\"elementor-post__excerpt\">\n\t\t\t<p>Palma 20 Setembre (Diario de Mallorca) El informe cifra que el sector servicios supone un 87% de la econom\u00eda en 2023. La industria y la<\/p>\n\t\t<\/div>\n\t\t\n\t\t<a class=\"elementor-post__read-more\" href=\"https:\/\/memoriacesib.es\/2023\/el-ces-indica-que-baleares-no-se-diversifica-y-persiste-en-el-monocultivo-economico\/\" aria-label=\"M\u00e1s informaci\u00f3n sobre El CES indica que Baleares no se diversifica y persiste en el monocultivo econ\u00f3mico\" tabindex=\"-1\" >\n\t\t\tLlegir \u00bb\t\t<\/a>\n\n\t\t\t\t<\/div>\n\t\t\t\t\t<\/div>\n\t\t<\/article>\n\t\t\t\t<article class=\"elementor-post elementor-grid-item post-3075 post type-post status-publish format-standard has-post-thumbnail hentry category-mitjans\" role=\"listitem\">\n\t\t\t<div class=\"elementor-post__card\">\n\t\t\t\t<a class=\"elementor-post__thumbnail__link\" href=\"https:\/\/memoriacesib.es\/2023\/ib3-radio\/\" tabindex=\"-1\" ><div class=\"elementor-post__thumbnail\"><img loading=\"lazy\" decoding=\"async\" width=\"1382\" height=\"914\" src=\"https:\/\/memoriacesib.es\/2023\/wp-content\/uploads\/IB3-Radio.jpg\" class=\"attachment-full size-full wp-image-3689\" alt=\"\" srcset=\"https:\/\/memoriacesib.es\/2023\/wp-content\/uploads\/IB3-Radio.jpg 1382w, https:\/\/memoriacesib.es\/2023\/wp-content\/uploads\/IB3-Radio-300x198.jpg 300w, https:\/\/memoriacesib.es\/2023\/wp-content\/uploads\/IB3-Radio-1024x677.jpg 1024w, https:\/\/memoriacesib.es\/2023\/wp-content\/uploads\/IB3-Radio-768x508.jpg 768w\" sizes=\"(max-width: 1382px) 100vw, 1382px\" \/><\/div><\/a>\n\t\t\t\t<div class=\"elementor-post__text\">\n\t\t\t\t<h2 class=\"elementor-post__title\">\n\t\t\t<a href=\"https:\/\/memoriacesib.es\/2023\/ib3-radio\/\" >\n\t\t\t\tIB3 R\u00e0dio\t\t\t<\/a>\n\t\t<\/h2>\n\t\t\t\t<div class=\"elementor-post__excerpt\">\n\t\t\t<p>IB3 Noticies<\/p>\n\t\t<\/div>\n\t\t\n\t\t<a class=\"elementor-post__read-more\" href=\"https:\/\/memoriacesib.es\/2023\/ib3-radio\/\" aria-label=\"M\u00e1s informaci\u00f3n sobre IB3 R\u00e0dio\" tabindex=\"-1\" >\n\t\t\tLlegir \u00bb\t\t<\/a>\n\n\t\t\t\t<\/div>\n\t\t\t\t\t<\/div>\n\t\t<\/article>\n\t\t\t\t<\/div>\n\t\t\t\t\t<span class=\"e-load-more-spinner\">\n\t\t\t\t<i aria-hidden=\"true\" class=\"fas fa-spinner\"><\/i>\t\t\t<\/span>\n\t\t\n\t\t\t\t\t\t<\/div>\n\t\t\t\t<\/div>\n\t\t\t\t\t<\/div>\n\t\t<\/div>\n\t\t\t\t\t<\/div>\n\t\t<\/section>\n\t\t\t\t\t<\/div>\n\t\t<\/div>\n\t\t\t\t\t<\/div>\n\t\t<\/section>\n\t\t\t\t<\/div>\n\t\t","protected":false},"excerpt":{"rendered":"<p>Mem\u00f2ria del CES als mitjans<\/p>\n","protected":false},"author":1,"featured_media":0,"parent":0,"menu_order":6,"comment_status":"closed","ping_status":"closed","template":"","meta":{"footnotes":""},"class_list":["post-264","page","type-page","status-publish","hentry"],"yoast_head":"<!-- This site is optimized with the Yoast SEO plugin v27.3 - https:\/\/yoast.com\/product\/yoast-seo-wordpress\/ -->\n<title>Premsa - Memoria CES 2023<\/title>\n<meta name=\"description\" content=\"Premsa Mem\u00f2ria CES 2023: notes, comunicats i aparicions als mitjans sobre l\u2019informe econ\u00f2mic i social de les Illes Balears.\" \/>\n<meta name=\"robots\" content=\"index, follow, max-snippet:-1, max-image-preview:large, max-video-preview:-1\" \/>\n<link rel=\"canonical\" href=\"https:\/\/memoriacesib.es\/2023\/premsa-2\/\" \/>\n<meta property=\"og:locale\" content=\"es_ES\" \/>\n<meta property=\"og:type\" content=\"article\" \/>\n<meta property=\"og:title\" content=\"Premsa - Memoria CES 2023\" \/>\n<meta property=\"og:description\" content=\"Premsa Mem\u00f2ria CES 2023: notes, comunicats i aparicions als mitjans sobre l\u2019informe econ\u00f2mic i social de les Illes Balears.\" \/>\n<meta property=\"og:url\" content=\"https:\/\/memoriacesib.es\/2023\/premsa-2\/\" \/>\n<meta property=\"og:site_name\" content=\"Memoria CES 2023\" \/>\n<meta property=\"article:publisher\" content=\"https:\/\/www.facebook.com\/cesillesbalears\" \/>\n<meta property=\"article:modified_time\" content=\"2025-08-11T14:30:14+00:00\" \/>\n<meta name=\"twitter:card\" content=\"summary_large_image\" \/>\n<meta name=\"twitter:site\" content=\"@ces_ib\" \/>\n<meta name=\"twitter:label1\" content=\"Tiempo de lectura\" \/>\n\t<meta name=\"twitter:data1\" content=\"3 minutos\" \/>\n<script type=\"application\/ld+json\" class=\"yoast-schema-graph\">{\"@context\":\"https:\\\/\\\/schema.org\",\"@graph\":[{\"@type\":\"WebPage\",\"@id\":\"https:\\\/\\\/memoriacesib.es\\\/2023\\\/premsa-2\\\/\",\"url\":\"https:\\\/\\\/memoriacesib.es\\\/2023\\\/premsa-2\\\/\",\"name\":\"Premsa - Memoria CES 2023\",\"isPartOf\":{\"@id\":\"https:\\\/\\\/memoriacesib.es\\\/2023\\\/#website\"},\"datePublished\":\"2023-06-20T10:41:09+00:00\",\"dateModified\":\"2025-08-11T14:30:14+00:00\",\"description\":\"Premsa Mem\u00f2ria CES 2023: notes, comunicats i aparicions als mitjans sobre l\u2019informe econ\u00f2mic i social de les Illes Balears.\",\"breadcrumb\":{\"@id\":\"https:\\\/\\\/memoriacesib.es\\\/2023\\\/premsa-2\\\/#breadcrumb\"},\"inLanguage\":\"es\",\"potentialAction\":[{\"@type\":\"ReadAction\",\"target\":[\"https:\\\/\\\/memoriacesib.es\\\/2023\\\/premsa-2\\\/\"]}]},{\"@type\":\"BreadcrumbList\",\"@id\":\"https:\\\/\\\/memoriacesib.es\\\/2023\\\/premsa-2\\\/#breadcrumb\",\"itemListElement\":[{\"@type\":\"ListItem\",\"position\":1,\"name\":\"Portada\",\"item\":\"https:\\\/\\\/memoriacesib.es\\\/2023\\\/\"},{\"@type\":\"ListItem\",\"position\":2,\"name\":\"Premsa\"}]},{\"@type\":\"WebSite\",\"@id\":\"https:\\\/\\\/memoriacesib.es\\\/2023\\\/#website\",\"url\":\"https:\\\/\\\/memoriacesib.es\\\/2023\\\/\",\"name\":\"Memoria CES 2023\",\"description\":\"Memoria CES 2023\",\"publisher\":{\"@id\":\"https:\\\/\\\/memoriacesib.es\\\/2023\\\/#organization\"},\"potentialAction\":[{\"@type\":\"SearchAction\",\"target\":{\"@type\":\"EntryPoint\",\"urlTemplate\":\"https:\\\/\\\/memoriacesib.es\\\/2023\\\/?s={search_term_string}\"},\"query-input\":{\"@type\":\"PropertyValueSpecification\",\"valueRequired\":true,\"valueName\":\"search_term_string\"}}],\"inLanguage\":\"es\"},{\"@type\":\"Organization\",\"@id\":\"https:\\\/\\\/memoriacesib.es\\\/2023\\\/#organization\",\"name\":\"Consell Economic i Social de les Illes Balears (CES)\",\"url\":\"https:\\\/\\\/memoriacesib.es\\\/2023\\\/\",\"logo\":{\"@type\":\"ImageObject\",\"inLanguage\":\"es\",\"@id\":\"https:\\\/\\\/memoriacesib.es\\\/2023\\\/#\\\/schema\\\/logo\\\/image\\\/\",\"url\":\"https:\\\/\\\/memoriacesib.es\\\/2023\\\/wp-content\\\/uploads\\\/2023\\\/06\\\/Logo-Memoria-Ces-2023.png\",\"contentUrl\":\"https:\\\/\\\/memoriacesib.es\\\/2023\\\/wp-content\\\/uploads\\\/2023\\\/06\\\/Logo-Memoria-Ces-2023.png\",\"width\":800,\"height\":195,\"caption\":\"Consell Economic i Social de les Illes Balears (CES)\"},\"image\":{\"@id\":\"https:\\\/\\\/memoriacesib.es\\\/2023\\\/#\\\/schema\\\/logo\\\/image\\\/\"},\"sameAs\":[\"https:\\\/\\\/www.facebook.com\\\/cesillesbalears\",\"https:\\\/\\\/x.com\\\/ces_ib\",\"https:\\\/\\\/www.youtube.com\\\/channel\\\/UCrEmO9wh7KlUaQ9dWzvYrVg\"]}]}<\/script>\n<!-- \/ Yoast SEO plugin. -->","yoast_head_json":{"title":"Premsa - Memoria CES 2023","description":"Premsa Mem\u00f2ria CES 2023: notes, comunicats i aparicions als mitjans sobre l\u2019informe econ\u00f2mic i social de les Illes Balears.","robots":{"index":"index","follow":"follow","max-snippet":"max-snippet:-1","max-image-preview":"max-image-preview:large","max-video-preview":"max-video-preview:-1"},"canonical":"https:\/\/memoriacesib.es\/2023\/premsa-2\/","og_locale":"es_ES","og_type":"article","og_title":"Premsa - Memoria CES 2023","og_description":"Premsa Mem\u00f2ria CES 2023: notes, comunicats i aparicions als mitjans sobre l\u2019informe econ\u00f2mic i social de les Illes Balears.","og_url":"https:\/\/memoriacesib.es\/2023\/premsa-2\/","og_site_name":"Memoria CES 2023","article_publisher":"https:\/\/www.facebook.com\/cesillesbalears","article_modified_time":"2025-08-11T14:30:14+00:00","twitter_card":"summary_large_image","twitter_site":"@ces_ib","twitter_misc":{"Tiempo de lectura":"3 minutos"},"schema":{"@context":"https:\/\/schema.org","@graph":[{"@type":"WebPage","@id":"https:\/\/memoriacesib.es\/2023\/premsa-2\/","url":"https:\/\/memoriacesib.es\/2023\/premsa-2\/","name":"Premsa - Memoria CES 2023","isPartOf":{"@id":"https:\/\/memoriacesib.es\/2023\/#website"},"datePublished":"2023-06-20T10:41:09+00:00","dateModified":"2025-08-11T14:30:14+00:00","description":"Premsa Mem\u00f2ria CES 2023: notes, comunicats i aparicions als mitjans sobre l\u2019informe econ\u00f2mic i social de les Illes Balears.","breadcrumb":{"@id":"https:\/\/memoriacesib.es\/2023\/premsa-2\/#breadcrumb"},"inLanguage":"es","potentialAction":[{"@type":"ReadAction","target":["https:\/\/memoriacesib.es\/2023\/premsa-2\/"]}]},{"@type":"BreadcrumbList","@id":"https:\/\/memoriacesib.es\/2023\/premsa-2\/#breadcrumb","itemListElement":[{"@type":"ListItem","position":1,"name":"Portada","item":"https:\/\/memoriacesib.es\/2023\/"},{"@type":"ListItem","position":2,"name":"Premsa"}]},{"@type":"WebSite","@id":"https:\/\/memoriacesib.es\/2023\/#website","url":"https:\/\/memoriacesib.es\/2023\/","name":"Memoria CES 2023","description":"Memoria CES 2023","publisher":{"@id":"https:\/\/memoriacesib.es\/2023\/#organization"},"potentialAction":[{"@type":"SearchAction","target":{"@type":"EntryPoint","urlTemplate":"https:\/\/memoriacesib.es\/2023\/?s={search_term_string}"},"query-input":{"@type":"PropertyValueSpecification","valueRequired":true,"valueName":"search_term_string"}}],"inLanguage":"es"},{"@type":"Organization","@id":"https:\/\/memoriacesib.es\/2023\/#organization","name":"Consell Economic i Social de les Illes Balears (CES)","url":"https:\/\/memoriacesib.es\/2023\/","logo":{"@type":"ImageObject","inLanguage":"es","@id":"https:\/\/memoriacesib.es\/2023\/#\/schema\/logo\/image\/","url":"https:\/\/memoriacesib.es\/2023\/wp-content\/uploads\/2023\/06\/Logo-Memoria-Ces-2023.png","contentUrl":"https:\/\/memoriacesib.es\/2023\/wp-content\/uploads\/2023\/06\/Logo-Memoria-Ces-2023.png","width":800,"height":195,"caption":"Consell Economic i Social de les Illes Balears (CES)"},"image":{"@id":"https:\/\/memoriacesib.es\/2023\/#\/schema\/logo\/image\/"},"sameAs":["https:\/\/www.facebook.com\/cesillesbalears","https:\/\/x.com\/ces_ib","https:\/\/www.youtube.com\/channel\/UCrEmO9wh7KlUaQ9dWzvYrVg"]}]}},"_links":{"self":[{"href":"https:\/\/memoriacesib.es\/2023\/wp-json\/wp\/v2\/pages\/264","targetHints":{"allow":["GET"]}}],"collection":[{"href":"https:\/\/memoriacesib.es\/2023\/wp-json\/wp\/v2\/pages"}],"about":[{"href":"https:\/\/memoriacesib.es\/2023\/wp-json\/wp\/v2\/types\/page"}],"author":[{"embeddable":true,"href":"https:\/\/memoriacesib.es\/2023\/wp-json\/wp\/v2\/users\/1"}],"replies":[{"embeddable":true,"href":"https:\/\/memoriacesib.es\/2023\/wp-json\/wp\/v2\/comments?post=264"}],"version-history":[{"count":32,"href":"https:\/\/memoriacesib.es\/2023\/wp-json\/wp\/v2\/pages\/264\/revisions"}],"predecessor-version":[{"id":3807,"href":"https:\/\/memoriacesib.es\/2023\/wp-json\/wp\/v2\/pages\/264\/revisions\/3807"}],"wp:attachment":[{"href":"https:\/\/memoriacesib.es\/2023\/wp-json\/wp\/v2\/media?parent=264"}],"curies":[{"name":"wp","href":"https:\/\/api.w.org\/{rel}","templated":true}]}}