{"version":"1.0","provider_name":"Memoria CES 2024","provider_url":"https:\/\/memoriacesib.es\/2024","author_name":"admin","author_url":"https:\/\/memoriacesib.es\/2024\/author\/admin\/","title":"Baleares consolida su econom\u00eda mientras crece el esfuerzo para acceder a vivienda","type":"rich","width":600,"height":338,"html":"<blockquote class=\"wp-embedded-content\" data-secret=\"5xX85pbysJ\"><a href=\"https:\/\/memoriacesib.es\/2024\/baleares-consolida-el-dinamismo-de-su-economia\/\">Baleares consolida el dinamismo de su econom\u00eda mientras sigue creciendo la dificultad para acceder a una vivienda<\/a><\/blockquote><iframe sandbox=\"allow-scripts\" security=\"restricted\" src=\"https:\/\/memoriacesib.es\/2024\/baleares-consolida-el-dinamismo-de-su-economia\/embed\/#?secret=5xX85pbysJ\" width=\"600\" height=\"338\" title=\"\u00abBaleares consolida el dinamismo de su econom\u00eda mientras sigue creciendo la dificultad para acceder a una vivienda\u00bb \u2014 Memoria CES 2024\" data-secret=\"5xX85pbysJ\" frameborder=\"0\" marginwidth=\"0\" marginheight=\"0\" scrolling=\"no\" class=\"wp-embedded-content\"><\/iframe><script>\n\/*! This file is auto-generated *\/\n!function(d,l){\"use strict\";l.querySelector&&d.addEventListener&&\"undefined\"!=typeof URL&&(d.wp=d.wp||{},d.wp.receiveEmbedMessage||(d.wp.receiveEmbedMessage=function(e){var t=e.data;if((t||t.secret||t.message||t.value)&&!\/[^a-zA-Z0-9]\/.test(t.secret)){for(var s,r,n,a=l.querySelectorAll('iframe[data-secret=\"'+t.secret+'\"]'),o=l.querySelectorAll('blockquote[data-secret=\"'+t.secret+'\"]'),c=new RegExp(\"^https?:$\",\"i\"),i=0;i<o.length;i++)o[i].style.display=\"none\";for(i=0;i<a.length;i++)s=a[i],e.source===s.contentWindow&&(s.removeAttribute(\"style\"),\"height\"===t.message?(1e3<(r=parseInt(t.value,10))?r=1e3:~~r<200&&(r=200),s.height=r):\"link\"===t.message&&(r=new URL(s.getAttribute(\"src\")),n=new URL(t.value),c.test(n.protocol))&&n.host===r.host&&l.activeElement===s&&(d.top.location.href=t.value))}},d.addEventListener(\"message\",d.wp.receiveEmbedMessage,!1),l.addEventListener(\"DOMContentLoaded\",function(){for(var e,t,s=l.querySelectorAll(\"iframe.wp-embedded-content\"),r=0;r<s.length;r++)(t=(e=s[r]).getAttribute(\"data-secret\"))||(t=Math.random().toString(36).substring(2,12),e.src+=\"#?secret=\"+t,e.setAttribute(\"data-secret\",t)),e.contentWindow.postMessage({message:\"ready\",secret:t},\"*\")},!1)))}(window,document);\n\/\/# sourceURL=https:\/\/memoriacesib.es\/2024\/wp-includes\/js\/wp-embed.min.js\n<\/script>\n","thumbnail_url":"https:\/\/memoriacesib.es\/2024\/wp-content\/uploads\/Diario-de-Mallorca-2.jpg","thumbnail_width":1382,"thumbnail_height":914,"description":"El informe del CES muestra que la econom\u00eda balear crece con fuerza en 2024, pero el acceso a la vivienda se vuelve cada vez m\u00e1s dif\u00edcil: 60,8 a\u00f1os de ingresos necesarios."}