{"id":264,"date":"2023-06-20T10:41:09","date_gmt":"2023-06-20T10:41:09","guid":{"rendered":"http:\/\/memoriacesib.es\/2024\/premsa-2\/"},"modified":"2023-11-11T08:06:31","modified_gmt":"2023-11-11T08:06:31","slug":"premsa-2","status":"publish","type":"page","link":"https:\/\/memoriacesib.es\/2024\/premsa-2\/","title":{"rendered":"Premsa"},"content":{"rendered":"\t\t<div data-elementor-type=\"wp-page\" data-elementor-id=\"264\" class=\"elementor elementor-264\" data-elementor-post-type=\"page\">\n\t\t\t\t\t\t<section class=\"elementor-section elementor-top-section elementor-element elementor-element-580343b1 elementor-section-boxed elementor-section-height-default elementor-section-height-default\" data-id=\"580343b1\" data-element_type=\"section\" data-e-type=\"section\" data-settings=\"{&quot;background_background&quot;:&quot;classic&quot;}\">\n\t\t\t\t\t\t<div class=\"elementor-container elementor-column-gap-default\">\n\t\t\t\t\t<div class=\"elementor-column elementor-col-100 elementor-top-column elementor-element elementor-element-1dffcd8e\" data-id=\"1dffcd8e\" data-element_type=\"column\" data-e-type=\"column\">\n\t\t\t<div class=\"elementor-widget-wrap elementor-element-populated\">\n\t\t\t\t\t\t<div class=\"elementor-element elementor-element-522cdea9 elementor-widget elementor-widget-heading\" data-id=\"522cdea9\" data-element_type=\"widget\" data-e-type=\"widget\" data-widget_type=\"heading.default\">\n\t\t\t\t<div class=\"elementor-widget-container\">\n\t\t\t\t\t<h1 class=\"elementor-heading-title elementor-size-default\">Mem\u00f2ria del CES als mitjans<\/h1>\t\t\t\t<\/div>\n\t\t\t\t<\/div>\n\t\t\t\t\t<\/div>\n\t\t<\/div>\n\t\t\t\t\t<\/div>\n\t\t<\/section>\n\t\t\t\t<section class=\"elementor-section elementor-top-section elementor-element elementor-element-37d55183 elementor-section-boxed elementor-section-height-default elementor-section-height-default\" data-id=\"37d55183\" data-element_type=\"section\" data-e-type=\"section\">\n\t\t\t\t\t\t<div class=\"elementor-container elementor-column-gap-default\">\n\t\t\t\t\t<div class=\"elementor-column elementor-col-100 elementor-top-column elementor-element elementor-element-2a1b5770\" data-id=\"2a1b5770\" data-element_type=\"column\" data-e-type=\"column\">\n\t\t\t<div class=\"elementor-widget-wrap elementor-element-populated\">\n\t\t\t\t\t\t<section class=\"elementor-section elementor-inner-section elementor-element elementor-element-52182653 elementor-section-boxed elementor-section-height-default elementor-section-height-default\" data-id=\"52182653\" data-element_type=\"section\" data-e-type=\"section\">\n\t\t\t\t\t\t<div class=\"elementor-container elementor-column-gap-default\">\n\t\t\t\t\t<div class=\"elementor-column elementor-col-100 elementor-inner-column elementor-element elementor-element-1710ca89\" data-id=\"1710ca89\" data-element_type=\"column\" data-e-type=\"column\">\n\t\t\t<div class=\"elementor-widget-wrap elementor-element-populated\">\n\t\t\t\t\t\t<div class=\"elementor-element elementor-element-690c5155 elementor-grid-4 elementor-grid-tablet-2 elementor-grid-mobile-1 elementor-posts--thumbnail-top elementor-posts__hover-gradient load-more-align-center elementor-widget elementor-widget-posts\" data-id=\"690c5155\" data-element_type=\"widget\" data-e-type=\"widget\" data-settings=\"{&quot;pagination_type&quot;:&quot;load_more_on_click&quot;,&quot;cards_columns&quot;:&quot;4&quot;,&quot;cards_columns_tablet&quot;:&quot;2&quot;,&quot;cards_columns_mobile&quot;:&quot;1&quot;,&quot;cards_row_gap&quot;:{&quot;unit&quot;:&quot;px&quot;,&quot;size&quot;:35,&quot;sizes&quot;:[]},&quot;cards_row_gap_tablet&quot;:{&quot;unit&quot;:&quot;px&quot;,&quot;size&quot;:&quot;&quot;,&quot;sizes&quot;:[]},&quot;cards_row_gap_mobile&quot;:{&quot;unit&quot;:&quot;px&quot;,&quot;size&quot;:&quot;&quot;,&quot;sizes&quot;:[]},&quot;load_more_spinner&quot;:{&quot;value&quot;:&quot;fas fa-spinner&quot;,&quot;library&quot;:&quot;fa-solid&quot;}}\" data-widget_type=\"posts.cards\">\n\t\t\t\t<div class=\"elementor-widget-container\">\n\t\t\t\t\t\t\t<div class=\"elementor-posts-container elementor-posts elementor-posts--skin-cards elementor-grid\" role=\"list\">\n\t\t\t\t<article class=\"elementor-post elementor-grid-item post-4563 post type-post status-publish format-standard has-post-thumbnail hentry category-mitjans\" role=\"listitem\">\n\t\t\t<div class=\"elementor-post__card\">\n\t\t\t\t<a class=\"elementor-post__thumbnail__link\" href=\"https:\/\/memoriacesib.es\/2024\/tot-ib3\/\" tabindex=\"-1\" ><div class=\"elementor-post__thumbnail\"><img fetchpriority=\"high\" decoding=\"async\" width=\"1382\" height=\"914\" src=\"https:\/\/memoriacesib.es\/2024\/wp-content\/uploads\/TOT-IB3.jpg\" class=\"attachment-full size-full wp-image-4564\" alt=\"\" srcset=\"https:\/\/memoriacesib.es\/2024\/wp-content\/uploads\/TOT-IB3.jpg 1382w, https:\/\/memoriacesib.es\/2024\/wp-content\/uploads\/TOT-IB3-300x198.jpg 300w, https:\/\/memoriacesib.es\/2024\/wp-content\/uploads\/TOT-IB3-1024x677.jpg 1024w, https:\/\/memoriacesib.es\/2024\/wp-content\/uploads\/TOT-IB3-768x508.jpg 768w\" sizes=\"(max-width: 1382px) 100vw, 1382px\" \/><\/div><\/a>\n\t\t\t\t<div class=\"elementor-post__text\">\n\t\t\t\t<h3 class=\"elementor-post__title\">\n\t\t\t<a href=\"https:\/\/memoriacesib.es\/2024\/tot-ib3\/\" >\n\t\t\t\tTot IB3\t\t\t<\/a>\n\t\t<\/h3>\n\t\t\t\t<div class=\"elementor-post__excerpt\">\n\t\t\t<p>PALMA | 22.10.2025 (TOT IB3) Escoltar Tornar<\/p>\n\t\t<\/div>\n\t\t\n\t\t<a class=\"elementor-post__read-more\" href=\"https:\/\/memoriacesib.es\/2024\/tot-ib3\/\" aria-label=\"M\u00e1s informaci\u00f3n sobre Tot IB3\" tabindex=\"-1\" >\n\t\t\tLlegir \u00bb\t\t<\/a>\n\n\t\t\t\t<\/div>\n\t\t\t\t\t<\/div>\n\t\t<\/article>\n\t\t\t\t<article class=\"elementor-post elementor-grid-item post-4554 post type-post status-publish format-standard has-post-thumbnail hentry category-mitjans\" role=\"listitem\">\n\t\t\t<div class=\"elementor-post__card\">\n\t\t\t\t<a class=\"elementor-post__thumbnail__link\" href=\"https:\/\/memoriacesib.es\/2024\/las-noticias-de-la-ser\/\" tabindex=\"-1\" ><div class=\"elementor-post__thumbnail\"><img decoding=\"async\" width=\"1382\" height=\"914\" src=\"https:\/\/memoriacesib.es\/2024\/wp-content\/uploads\/las-noticias-de-la-ser.jpg\" class=\"attachment-full size-full wp-image-4555\" alt=\"\" srcset=\"https:\/\/memoriacesib.es\/2024\/wp-content\/uploads\/las-noticias-de-la-ser.jpg 1382w, https:\/\/memoriacesib.es\/2024\/wp-content\/uploads\/las-noticias-de-la-ser-300x198.jpg 300w, https:\/\/memoriacesib.es\/2024\/wp-content\/uploads\/las-noticias-de-la-ser-1024x677.jpg 1024w, https:\/\/memoriacesib.es\/2024\/wp-content\/uploads\/las-noticias-de-la-ser-768x508.jpg 768w\" sizes=\"(max-width: 1382px) 100vw, 1382px\" \/><\/div><\/a>\n\t\t\t\t<div class=\"elementor-post__text\">\n\t\t\t\t<h3 class=\"elementor-post__title\">\n\t\t\t<a href=\"https:\/\/memoriacesib.es\/2024\/las-noticias-de-la-ser\/\" >\n\t\t\t\tLas noticias de la Ser\t\t\t<\/a>\n\t\t<\/h3>\n\t\t\t\t<div class=\"elementor-post__excerpt\">\n\t\t\t<p>PALMA | 22.10.2025 (LAS NOTICIAS DE LA SER) Escoltar Tornar<\/p>\n\t\t<\/div>\n\t\t\n\t\t<a class=\"elementor-post__read-more\" href=\"https:\/\/memoriacesib.es\/2024\/las-noticias-de-la-ser\/\" aria-label=\"M\u00e1s informaci\u00f3n sobre Las noticias de la Ser\" tabindex=\"-1\" >\n\t\t\tLlegir \u00bb\t\t<\/a>\n\n\t\t\t\t<\/div>\n\t\t\t\t\t<\/div>\n\t\t<\/article>\n\t\t\t\t<article class=\"elementor-post elementor-grid-item post-4542 post type-post status-publish format-standard has-post-thumbnail hentry category-mitjans\" role=\"listitem\">\n\t\t\t<div class=\"elementor-post__card\">\n\t\t\t\t<a class=\"elementor-post__thumbnail__link\" href=\"https:\/\/memoriacesib.es\/2024\/ib3-noticies-migdia\/\" tabindex=\"-1\" ><div class=\"elementor-post__thumbnail\"><img decoding=\"async\" width=\"1382\" height=\"914\" src=\"https:\/\/memoriacesib.es\/2024\/wp-content\/uploads\/IB3-NOTICIES.jpg\" class=\"attachment-full size-full wp-image-4543\" alt=\"\" srcset=\"https:\/\/memoriacesib.es\/2024\/wp-content\/uploads\/IB3-NOTICIES.jpg 1382w, https:\/\/memoriacesib.es\/2024\/wp-content\/uploads\/IB3-NOTICIES-300x198.jpg 300w, https:\/\/memoriacesib.es\/2024\/wp-content\/uploads\/IB3-NOTICIES-1024x677.jpg 1024w, https:\/\/memoriacesib.es\/2024\/wp-content\/uploads\/IB3-NOTICIES-768x508.jpg 768w\" sizes=\"(max-width: 1382px) 100vw, 1382px\" \/><\/div><\/a>\n\t\t\t\t<div class=\"elementor-post__text\">\n\t\t\t\t<h3 class=\"elementor-post__title\">\n\t\t\t<a href=\"https:\/\/memoriacesib.es\/2024\/ib3-noticies-migdia\/\" >\n\t\t\t\tIB3 NOT\u00cdCIES MIGDIA\t\t\t<\/a>\n\t\t<\/h3>\n\t\t\t\t<div class=\"elementor-post__excerpt\">\n\t\t\t<p>PALMA | 22.10.2025 (IB3 NOTICIES) Veure Tornar<\/p>\n\t\t<\/div>\n\t\t\n\t\t<a class=\"elementor-post__read-more\" href=\"https:\/\/memoriacesib.es\/2024\/ib3-noticies-migdia\/\" aria-label=\"M\u00e1s informaci\u00f3n sobre IB3 NOT\u00cdCIES MIGDIA\" tabindex=\"-1\" >\n\t\t\tLlegir \u00bb\t\t<\/a>\n\n\t\t\t\t<\/div>\n\t\t\t\t\t<\/div>\n\t\t<\/article>\n\t\t\t\t<article class=\"elementor-post elementor-grid-item post-4533 post type-post status-publish format-standard has-post-thumbnail hentry category-mitjans\" role=\"listitem\">\n\t\t\t<div class=\"elementor-post__card\">\n\t\t\t\t<a class=\"elementor-post__thumbnail__link\" href=\"https:\/\/memoriacesib.es\/2024\/solo-el-9-de-las-personas-que-han-comprado-una-vivienda-en-baleares-en-el-ultimo-ano-tiene-menos-de-31-anos\/\" tabindex=\"-1\" ><div class=\"elementor-post__thumbnail\"><img loading=\"lazy\" decoding=\"async\" width=\"1382\" height=\"914\" src=\"https:\/\/memoriacesib.es\/2024\/wp-content\/uploads\/MENORCA-2.jpg\" class=\"attachment-full size-full wp-image-4541\" alt=\"\" srcset=\"https:\/\/memoriacesib.es\/2024\/wp-content\/uploads\/MENORCA-2.jpg 1382w, https:\/\/memoriacesib.es\/2024\/wp-content\/uploads\/MENORCA-2-300x198.jpg 300w, https:\/\/memoriacesib.es\/2024\/wp-content\/uploads\/MENORCA-2-1024x677.jpg 1024w, https:\/\/memoriacesib.es\/2024\/wp-content\/uploads\/MENORCA-2-768x508.jpg 768w\" sizes=\"(max-width: 1382px) 100vw, 1382px\" \/><\/div><\/a>\n\t\t\t\t<div class=\"elementor-post__text\">\n\t\t\t\t<h3 class=\"elementor-post__title\">\n\t\t\t<a href=\"https:\/\/memoriacesib.es\/2024\/solo-el-9-de-las-personas-que-han-comprado-una-vivienda-en-baleares-en-el-ultimo-ano-tiene-menos-de-31-anos\/\" >\n\t\t\t\tS\u00f3lo el 9 % de las personas que han comprado una vivienda en Baleares en el \u00faltimo a\u00f1o tiene menos de 31 a\u00f1os\t\t\t<\/a>\n\t\t<\/h3>\n\t\t\t\t<div class=\"elementor-post__excerpt\">\n\t\t\t<p>PALMA | 24.10.2025 (MENORCA) Llegir m\u00e9s Tornar<\/p>\n\t\t<\/div>\n\t\t\n\t\t<a class=\"elementor-post__read-more\" href=\"https:\/\/memoriacesib.es\/2024\/solo-el-9-de-las-personas-que-han-comprado-una-vivienda-en-baleares-en-el-ultimo-ano-tiene-menos-de-31-anos\/\" aria-label=\"M\u00e1s informaci\u00f3n sobre S\u00f3lo el 9 % de las personas que han comprado una vivienda en Baleares en el \u00faltimo a\u00f1o tiene menos de 31 a\u00f1os\" tabindex=\"-1\" >\n\t\t\tLlegir \u00bb\t\t<\/a>\n\n\t\t\t\t<\/div>\n\t\t\t\t\t<\/div>\n\t\t<\/article>\n\t\t\t\t<article class=\"elementor-post elementor-grid-item post-4524 post type-post status-publish format-standard has-post-thumbnail hentry category-mitjans\" role=\"listitem\">\n\t\t\t<div class=\"elementor-post__card\">\n\t\t\t\t<a class=\"elementor-post__thumbnail__link\" href=\"https:\/\/memoriacesib.es\/2024\/el-parlament-acull-la-presentacio-de-la-memoria-del-ces\/\" tabindex=\"-1\" ><div class=\"elementor-post__thumbnail\"><img loading=\"lazy\" decoding=\"async\" width=\"1382\" height=\"914\" src=\"https:\/\/memoriacesib.es\/2024\/wp-content\/uploads\/PARLAMENT-IB.jpg\" class=\"attachment-full size-full wp-image-4525\" alt=\"\" srcset=\"https:\/\/memoriacesib.es\/2024\/wp-content\/uploads\/PARLAMENT-IB.jpg 1382w, https:\/\/memoriacesib.es\/2024\/wp-content\/uploads\/PARLAMENT-IB-300x198.jpg 300w, https:\/\/memoriacesib.es\/2024\/wp-content\/uploads\/PARLAMENT-IB-1024x677.jpg 1024w, https:\/\/memoriacesib.es\/2024\/wp-content\/uploads\/PARLAMENT-IB-768x508.jpg 768w\" sizes=\"(max-width: 1382px) 100vw, 1382px\" \/><\/div><\/a>\n\t\t\t\t<div class=\"elementor-post__text\">\n\t\t\t\t<h3 class=\"elementor-post__title\">\n\t\t\t<a href=\"https:\/\/memoriacesib.es\/2024\/el-parlament-acull-la-presentacio-de-la-memoria-del-ces\/\" >\n\t\t\t\tEl Parlament acull la presentaci\u00f3 de la Mem\u00f2ria del CES\t\t\t<\/a>\n\t\t<\/h3>\n\t\t\t\t<div class=\"elementor-post__excerpt\">\n\t\t\t<p>PALMA | 22.10.2025 (PARLAMENT DE LES ILLES BALEARS) Llegir m\u00e9s Tornar<\/p>\n\t\t<\/div>\n\t\t\n\t\t<a class=\"elementor-post__read-more\" href=\"https:\/\/memoriacesib.es\/2024\/el-parlament-acull-la-presentacio-de-la-memoria-del-ces\/\" aria-label=\"M\u00e1s informaci\u00f3n sobre El Parlament acull la presentaci\u00f3 de la Mem\u00f2ria del CES\" tabindex=\"-1\" >\n\t\t\tLlegir \u00bb\t\t<\/a>\n\n\t\t\t\t<\/div>\n\t\t\t\t\t<\/div>\n\t\t<\/article>\n\t\t\t\t<article class=\"elementor-post elementor-grid-item post-4506 post type-post status-publish format-standard has-post-thumbnail hentry category-mitjans\" role=\"listitem\">\n\t\t\t<div class=\"elementor-post__card\">\n\t\t\t\t<a class=\"elementor-post__thumbnail__link\" href=\"https:\/\/memoriacesib.es\/2024\/un-residente-en-baleares-necesita-608-anos-para-comprar-una-vivienda-segun-el-ces-2\/\" tabindex=\"-1\" ><div class=\"elementor-post__thumbnail\"><img loading=\"lazy\" decoding=\"async\" width=\"1382\" height=\"914\" src=\"https:\/\/memoriacesib.es\/2024\/wp-content\/uploads\/DIARIO-DE-IBIZA.jpg\" class=\"attachment-full size-full wp-image-4507\" alt=\"\" srcset=\"https:\/\/memoriacesib.es\/2024\/wp-content\/uploads\/DIARIO-DE-IBIZA.jpg 1382w, https:\/\/memoriacesib.es\/2024\/wp-content\/uploads\/DIARIO-DE-IBIZA-300x198.jpg 300w, https:\/\/memoriacesib.es\/2024\/wp-content\/uploads\/DIARIO-DE-IBIZA-1024x677.jpg 1024w, https:\/\/memoriacesib.es\/2024\/wp-content\/uploads\/DIARIO-DE-IBIZA-768x508.jpg 768w\" sizes=\"(max-width: 1382px) 100vw, 1382px\" \/><\/div><\/a>\n\t\t\t\t<div class=\"elementor-post__text\">\n\t\t\t\t<h3 class=\"elementor-post__title\">\n\t\t\t<a href=\"https:\/\/memoriacesib.es\/2024\/un-residente-en-baleares-necesita-608-anos-para-comprar-una-vivienda-segun-el-ces-2\/\" >\n\t\t\t\tUn residente en Baleares necesita 60,8 a\u00f1os para comprar una vivienda, seg\u00fan el CES\t\t\t<\/a>\n\t\t<\/h3>\n\t\t\t\t<div class=\"elementor-post__excerpt\">\n\t\t\t<p>PALMA | 22.10.2025 (DIARIO DE IBIZA) Llegir m\u00e9s Tornar<\/p>\n\t\t<\/div>\n\t\t\n\t\t<a class=\"elementor-post__read-more\" href=\"https:\/\/memoriacesib.es\/2024\/un-residente-en-baleares-necesita-608-anos-para-comprar-una-vivienda-segun-el-ces-2\/\" aria-label=\"M\u00e1s informaci\u00f3n sobre Un residente en Baleares necesita 60,8 a\u00f1os para comprar una vivienda, seg\u00fan el CES\" tabindex=\"-1\" >\n\t\t\tLlegir \u00bb\t\t<\/a>\n\n\t\t\t\t<\/div>\n\t\t\t\t\t<\/div>\n\t\t<\/article>\n\t\t\t\t<article class=\"elementor-post elementor-grid-item post-4498 post type-post status-publish format-standard has-post-thumbnail hentry category-mitjans\" role=\"listitem\">\n\t\t\t<div class=\"elementor-post__card\">\n\t\t\t\t<a class=\"elementor-post__thumbnail__link\" href=\"https:\/\/memoriacesib.es\/2024\/el-problema-de-la-vivienda-lastra-la-subida-de-la-calidad-de-vida-en-baleares-mas-de-60-anos-para-pagar-una-casa-2\/\" tabindex=\"-1\" ><div class=\"elementor-post__thumbnail\"><img loading=\"lazy\" decoding=\"async\" width=\"1382\" height=\"914\" src=\"https:\/\/memoriacesib.es\/2024\/wp-content\/uploads\/ULTIMA-HORA-1.jpg\" class=\"attachment-full size-full wp-image-4390\" alt=\"\" srcset=\"https:\/\/memoriacesib.es\/2024\/wp-content\/uploads\/ULTIMA-HORA-1.jpg 1382w, https:\/\/memoriacesib.es\/2024\/wp-content\/uploads\/ULTIMA-HORA-1-300x198.jpg 300w, https:\/\/memoriacesib.es\/2024\/wp-content\/uploads\/ULTIMA-HORA-1-1024x677.jpg 1024w, https:\/\/memoriacesib.es\/2024\/wp-content\/uploads\/ULTIMA-HORA-1-768x508.jpg 768w\" sizes=\"(max-width: 1382px) 100vw, 1382px\" \/><\/div><\/a>\n\t\t\t\t<div class=\"elementor-post__text\">\n\t\t\t\t<h3 class=\"elementor-post__title\">\n\t\t\t<a href=\"https:\/\/memoriacesib.es\/2024\/el-problema-de-la-vivienda-lastra-la-subida-de-la-calidad-de-vida-en-baleares-mas-de-60-anos-para-pagar-una-casa-2\/\" >\n\t\t\t\tEl problema de la vivienda lastra la subida de la calidad de vida en Baleares: m\u00e1s de 60 a\u00f1os para pagar una casa\t\t\t<\/a>\n\t\t<\/h3>\n\t\t\t\t<div class=\"elementor-post__excerpt\">\n\t\t\t<p>PALMA | 22.10.2025 (MENORCA) Llegir m\u00e9s Tornar<\/p>\n\t\t<\/div>\n\t\t\n\t\t<a class=\"elementor-post__read-more\" href=\"https:\/\/memoriacesib.es\/2024\/el-problema-de-la-vivienda-lastra-la-subida-de-la-calidad-de-vida-en-baleares-mas-de-60-anos-para-pagar-una-casa-2\/\" aria-label=\"M\u00e1s informaci\u00f3n sobre El problema de la vivienda lastra la subida de la calidad de vida en Baleares: m\u00e1s de 60 a\u00f1os para pagar una casa\" tabindex=\"-1\" >\n\t\t\tLlegir \u00bb\t\t<\/a>\n\n\t\t\t\t<\/div>\n\t\t\t\t\t<\/div>\n\t\t<\/article>\n\t\t\t\t<article class=\"elementor-post elementor-grid-item post-4489 post type-post status-publish format-standard has-post-thumbnail hentry category-mitjans\" role=\"listitem\">\n\t\t\t<div class=\"elementor-post__card\">\n\t\t\t\t<a class=\"elementor-post__thumbnail__link\" href=\"https:\/\/memoriacesib.es\/2024\/un-residente-en-baleares-necesita-60-anos-para-comprar-una-vivienda-el-doble-que-la-media-nacional\/\" tabindex=\"-1\" ><div class=\"elementor-post__thumbnail\"><img loading=\"lazy\" decoding=\"async\" width=\"1382\" height=\"914\" src=\"https:\/\/memoriacesib.es\/2024\/wp-content\/uploads\/MENORCA-AL-DIA.jpg\" class=\"attachment-full size-full wp-image-4490\" alt=\"\" srcset=\"https:\/\/memoriacesib.es\/2024\/wp-content\/uploads\/MENORCA-AL-DIA.jpg 1382w, https:\/\/memoriacesib.es\/2024\/wp-content\/uploads\/MENORCA-AL-DIA-300x198.jpg 300w, https:\/\/memoriacesib.es\/2024\/wp-content\/uploads\/MENORCA-AL-DIA-1024x677.jpg 1024w, https:\/\/memoriacesib.es\/2024\/wp-content\/uploads\/MENORCA-AL-DIA-768x508.jpg 768w\" sizes=\"(max-width: 1382px) 100vw, 1382px\" \/><\/div><\/a>\n\t\t\t\t<div class=\"elementor-post__text\">\n\t\t\t\t<h3 class=\"elementor-post__title\">\n\t\t\t<a href=\"https:\/\/memoriacesib.es\/2024\/un-residente-en-baleares-necesita-60-anos-para-comprar-una-vivienda-el-doble-que-la-media-nacional\/\" >\n\t\t\t\tUn residente en Baleares necesita 60 a\u00f1os para comprar una vivienda, el doble que la media nacional\t\t\t<\/a>\n\t\t<\/h3>\n\t\t\t\t<div class=\"elementor-post__excerpt\">\n\t\t\t<p>PALMA | 22.10.2025 (MENORCA AL DIA) Llegir m\u00e9s Tornar<\/p>\n\t\t<\/div>\n\t\t\n\t\t<a class=\"elementor-post__read-more\" href=\"https:\/\/memoriacesib.es\/2024\/un-residente-en-baleares-necesita-60-anos-para-comprar-una-vivienda-el-doble-que-la-media-nacional\/\" aria-label=\"M\u00e1s informaci\u00f3n sobre Un residente en Baleares necesita 60 a\u00f1os para comprar una vivienda, el doble que la media nacional\" tabindex=\"-1\" >\n\t\t\tLlegir \u00bb\t\t<\/a>\n\n\t\t\t\t<\/div>\n\t\t\t\t\t<\/div>\n\t\t<\/article>\n\t\t\t\t<article class=\"elementor-post elementor-grid-item post-4480 post type-post status-publish format-standard has-post-thumbnail hentry category-mitjans\" role=\"listitem\">\n\t\t\t<div class=\"elementor-post__card\">\n\t\t\t\t<a class=\"elementor-post__thumbnail__link\" href=\"https:\/\/memoriacesib.es\/2024\/baleares-bate-records-de-empleo-y-gasto-turistico-pero-se-enfrenta-al-reto-del-agua-y-la-vivienda\/\" tabindex=\"-1\" ><div class=\"elementor-post__thumbnail\"><img loading=\"lazy\" decoding=\"async\" width=\"1382\" height=\"914\" src=\"https:\/\/memoriacesib.es\/2024\/wp-content\/uploads\/FIBWI.jpg\" class=\"attachment-full size-full wp-image-4373\" alt=\"\" srcset=\"https:\/\/memoriacesib.es\/2024\/wp-content\/uploads\/FIBWI.jpg 1382w, https:\/\/memoriacesib.es\/2024\/wp-content\/uploads\/FIBWI-300x198.jpg 300w, https:\/\/memoriacesib.es\/2024\/wp-content\/uploads\/FIBWI-1024x677.jpg 1024w, https:\/\/memoriacesib.es\/2024\/wp-content\/uploads\/FIBWI-768x508.jpg 768w\" sizes=\"(max-width: 1382px) 100vw, 1382px\" \/><\/div><\/a>\n\t\t\t\t<div class=\"elementor-post__text\">\n\t\t\t\t<h3 class=\"elementor-post__title\">\n\t\t\t<a href=\"https:\/\/memoriacesib.es\/2024\/baleares-bate-records-de-empleo-y-gasto-turistico-pero-se-enfrenta-al-reto-del-agua-y-la-vivienda\/\" >\n\t\t\t\tBaleares bate r\u00e9cords de empleo y gasto tur\u00edstico pero se enfrenta al reto del agua y la vivienda\t\t\t<\/a>\n\t\t<\/h3>\n\t\t\t\t<div class=\"elementor-post__excerpt\">\n\t\t\t<p>PALMA | 22.10.2025 (ECONOM\u00cdA DE MALLORCA) Llegir m\u00e9s Tornar<\/p>\n\t\t<\/div>\n\t\t\n\t\t<a class=\"elementor-post__read-more\" href=\"https:\/\/memoriacesib.es\/2024\/baleares-bate-records-de-empleo-y-gasto-turistico-pero-se-enfrenta-al-reto-del-agua-y-la-vivienda\/\" aria-label=\"M\u00e1s informaci\u00f3n sobre Baleares bate r\u00e9cords de empleo y gasto tur\u00edstico pero se enfrenta al reto del agua y la vivienda\" tabindex=\"-1\" >\n\t\t\tLlegir \u00bb\t\t<\/a>\n\n\t\t\t\t<\/div>\n\t\t\t\t\t<\/div>\n\t\t<\/article>\n\t\t\t\t<article class=\"elementor-post elementor-grid-item post-4471 post type-post status-publish format-standard has-post-thumbnail hentry category-mitjans\" role=\"listitem\">\n\t\t\t<div class=\"elementor-post__card\">\n\t\t\t\t<a class=\"elementor-post__thumbnail__link\" href=\"https:\/\/memoriacesib.es\/2024\/un-residente-en-baleares-necesita-mas-de-60-anos-de-salario-para-comprar-una-vivienda\/\" tabindex=\"-1\" ><div class=\"elementor-post__thumbnail\"><img loading=\"lazy\" decoding=\"async\" width=\"1382\" height=\"914\" src=\"https:\/\/memoriacesib.es\/2024\/wp-content\/uploads\/Cronica-Balear.jpg\" class=\"attachment-full size-full wp-image-4472\" alt=\"\" srcset=\"https:\/\/memoriacesib.es\/2024\/wp-content\/uploads\/Cronica-Balear.jpg 1382w, https:\/\/memoriacesib.es\/2024\/wp-content\/uploads\/Cronica-Balear-300x198.jpg 300w, https:\/\/memoriacesib.es\/2024\/wp-content\/uploads\/Cronica-Balear-1024x677.jpg 1024w, https:\/\/memoriacesib.es\/2024\/wp-content\/uploads\/Cronica-Balear-768x508.jpg 768w\" sizes=\"(max-width: 1382px) 100vw, 1382px\" \/><\/div><\/a>\n\t\t\t\t<div class=\"elementor-post__text\">\n\t\t\t\t<h3 class=\"elementor-post__title\">\n\t\t\t<a href=\"https:\/\/memoriacesib.es\/2024\/un-residente-en-baleares-necesita-mas-de-60-anos-de-salario-para-comprar-una-vivienda\/\" >\n\t\t\t\tUn residente en Baleares necesita m\u00e1s de 60 a\u00f1os de salario para comprar una vivienda\t\t\t<\/a>\n\t\t<\/h3>\n\t\t\t\t<div class=\"elementor-post__excerpt\">\n\t\t\t<p>PALMA | 22.10.2025 (CR\u00d3NICA BALEAR) Llegir m\u00e9s Tornar<\/p>\n\t\t<\/div>\n\t\t\n\t\t<a class=\"elementor-post__read-more\" href=\"https:\/\/memoriacesib.es\/2024\/un-residente-en-baleares-necesita-mas-de-60-anos-de-salario-para-comprar-una-vivienda\/\" aria-label=\"M\u00e1s informaci\u00f3n sobre Un residente en Baleares necesita m\u00e1s de 60 a\u00f1os de salario para comprar una vivienda\" tabindex=\"-1\" >\n\t\t\tLlegir \u00bb\t\t<\/a>\n\n\t\t\t\t<\/div>\n\t\t\t\t\t<\/div>\n\t\t<\/article>\n\t\t\t\t<article class=\"elementor-post elementor-grid-item post-4408 post type-post status-publish format-standard has-post-thumbnail hentry category-mitjans\" role=\"listitem\">\n\t\t\t<div class=\"elementor-post__card\">\n\t\t\t\t<a class=\"elementor-post__thumbnail__link\" href=\"https:\/\/memoriacesib.es\/2024\/la-dualitat-de-les-balears-record-de-turistes-pero-a-la-coa-en-investigacio-i-desenvolupament\/\" tabindex=\"-1\" ><div class=\"elementor-post__thumbnail\"><img loading=\"lazy\" decoding=\"async\" width=\"1382\" height=\"914\" src=\"https:\/\/memoriacesib.es\/2024\/wp-content\/uploads\/ARA-BALEARS-2.jpg\" class=\"attachment-full size-full wp-image-4406\" alt=\"\" srcset=\"https:\/\/memoriacesib.es\/2024\/wp-content\/uploads\/ARA-BALEARS-2.jpg 1382w, https:\/\/memoriacesib.es\/2024\/wp-content\/uploads\/ARA-BALEARS-2-300x198.jpg 300w, https:\/\/memoriacesib.es\/2024\/wp-content\/uploads\/ARA-BALEARS-2-1024x677.jpg 1024w, https:\/\/memoriacesib.es\/2024\/wp-content\/uploads\/ARA-BALEARS-2-768x508.jpg 768w\" sizes=\"(max-width: 1382px) 100vw, 1382px\" \/><\/div><\/a>\n\t\t\t\t<div class=\"elementor-post__text\">\n\t\t\t\t<h3 class=\"elementor-post__title\">\n\t\t\t<a href=\"https:\/\/memoriacesib.es\/2024\/la-dualitat-de-les-balears-record-de-turistes-pero-a-la-coa-en-investigacio-i-desenvolupament\/\" >\n\t\t\t\tLa dualitat de les Balears: r\u00e8cord de turistes, per\u00f2 a la coa en investigaci\u00f3 i desenvolupament\t\t\t<\/a>\n\t\t<\/h3>\n\t\t\t\t<div class=\"elementor-post__excerpt\">\n\t\t\t<p>PALMA | 23.10.2025 (ARA BALEARS) Llegir m\u00e9s Tornar<\/p>\n\t\t<\/div>\n\t\t\n\t\t<a class=\"elementor-post__read-more\" href=\"https:\/\/memoriacesib.es\/2024\/la-dualitat-de-les-balears-record-de-turistes-pero-a-la-coa-en-investigacio-i-desenvolupament\/\" aria-label=\"M\u00e1s informaci\u00f3n sobre La dualitat de les Balears: r\u00e8cord de turistes, per\u00f2 a la coa en investigaci\u00f3 i desenvolupament\" tabindex=\"-1\" >\n\t\t\tLlegir \u00bb\t\t<\/a>\n\n\t\t\t\t<\/div>\n\t\t\t\t\t<\/div>\n\t\t<\/article>\n\t\t\t\t<article class=\"elementor-post elementor-grid-item post-4395 post type-post status-publish format-standard has-post-thumbnail hentry category-mitjans\" role=\"listitem\">\n\t\t\t<div class=\"elementor-post__card\">\n\t\t\t\t<a class=\"elementor-post__thumbnail__link\" href=\"https:\/\/memoriacesib.es\/2024\/un-residente-en-baleares-necesita-608-anos-para-comprar-una-vivienda-segun-el-ces\/\" tabindex=\"-1\" ><div class=\"elementor-post__thumbnail\"><img loading=\"lazy\" decoding=\"async\" width=\"1382\" height=\"914\" src=\"https:\/\/memoriacesib.es\/2024\/wp-content\/uploads\/ECONOMIA-DE-MALLORCA.jpg\" class=\"attachment-full size-full wp-image-4396\" alt=\"\" srcset=\"https:\/\/memoriacesib.es\/2024\/wp-content\/uploads\/ECONOMIA-DE-MALLORCA.jpg 1382w, https:\/\/memoriacesib.es\/2024\/wp-content\/uploads\/ECONOMIA-DE-MALLORCA-300x198.jpg 300w, https:\/\/memoriacesib.es\/2024\/wp-content\/uploads\/ECONOMIA-DE-MALLORCA-1024x677.jpg 1024w, https:\/\/memoriacesib.es\/2024\/wp-content\/uploads\/ECONOMIA-DE-MALLORCA-768x508.jpg 768w\" sizes=\"(max-width: 1382px) 100vw, 1382px\" \/><\/div><\/a>\n\t\t\t\t<div class=\"elementor-post__text\">\n\t\t\t\t<h3 class=\"elementor-post__title\">\n\t\t\t<a href=\"https:\/\/memoriacesib.es\/2024\/un-residente-en-baleares-necesita-608-anos-para-comprar-una-vivienda-segun-el-ces\/\" >\n\t\t\t\tUn residente en Baleares necesita 60,8 a\u00f1os para comprar una vivienda, seg\u00fan el CES\t\t\t<\/a>\n\t\t<\/h3>\n\t\t\t\t<div class=\"elementor-post__excerpt\">\n\t\t\t<p>PALMA |\u00a0 22.10.2025 (ECONOMIA DE MALLORCA) Llegir m\u00e9s Tornar<\/p>\n\t\t<\/div>\n\t\t\n\t\t<a class=\"elementor-post__read-more\" href=\"https:\/\/memoriacesib.es\/2024\/un-residente-en-baleares-necesita-608-anos-para-comprar-una-vivienda-segun-el-ces\/\" aria-label=\"M\u00e1s informaci\u00f3n sobre Un residente en Baleares necesita 60,8 a\u00f1os para comprar una vivienda, seg\u00fan el CES\" tabindex=\"-1\" >\n\t\t\tLlegir \u00bb\t\t<\/a>\n\n\t\t\t\t<\/div>\n\t\t\t\t\t<\/div>\n\t\t<\/article>\n\t\t\t\t<article class=\"elementor-post elementor-grid-item post-4389 post type-post status-publish format-standard has-post-thumbnail hentry category-mitjans\" role=\"listitem\">\n\t\t\t<div class=\"elementor-post__card\">\n\t\t\t\t<a class=\"elementor-post__thumbnail__link\" href=\"https:\/\/memoriacesib.es\/2024\/el-problema-de-la-vivienda-lastra-la-subida-de-la-calidad-de-vida-en-baleares-mas-de-60-anos-para-pagar-una-casa\/\" tabindex=\"-1\" ><div class=\"elementor-post__thumbnail\"><img loading=\"lazy\" decoding=\"async\" width=\"1382\" height=\"914\" src=\"https:\/\/memoriacesib.es\/2024\/wp-content\/uploads\/ULTIMA-HORA-1.jpg\" class=\"attachment-full size-full wp-image-4390\" alt=\"\" srcset=\"https:\/\/memoriacesib.es\/2024\/wp-content\/uploads\/ULTIMA-HORA-1.jpg 1382w, https:\/\/memoriacesib.es\/2024\/wp-content\/uploads\/ULTIMA-HORA-1-300x198.jpg 300w, https:\/\/memoriacesib.es\/2024\/wp-content\/uploads\/ULTIMA-HORA-1-1024x677.jpg 1024w, https:\/\/memoriacesib.es\/2024\/wp-content\/uploads\/ULTIMA-HORA-1-768x508.jpg 768w\" sizes=\"(max-width: 1382px) 100vw, 1382px\" \/><\/div><\/a>\n\t\t\t\t<div class=\"elementor-post__text\">\n\t\t\t\t<h3 class=\"elementor-post__title\">\n\t\t\t<a href=\"https:\/\/memoriacesib.es\/2024\/el-problema-de-la-vivienda-lastra-la-subida-de-la-calidad-de-vida-en-baleares-mas-de-60-anos-para-pagar-una-casa\/\" >\n\t\t\t\tEl problema de la vivienda lastra la subida de la calidad de vida en Baleares: m\u00e1s de 60 a\u00f1os para pagar una casa\t\t\t<\/a>\n\t\t<\/h3>\n\t\t\t\t<div class=\"elementor-post__excerpt\">\n\t\t\t<p>PALMA | 22.10.2025 (ULTIMA HORA) Llegir m\u00e9s Tornar<\/p>\n\t\t<\/div>\n\t\t\n\t\t<a class=\"elementor-post__read-more\" href=\"https:\/\/memoriacesib.es\/2024\/el-problema-de-la-vivienda-lastra-la-subida-de-la-calidad-de-vida-en-baleares-mas-de-60-anos-para-pagar-una-casa\/\" aria-label=\"M\u00e1s informaci\u00f3n sobre El problema de la vivienda lastra la subida de la calidad de vida en Baleares: m\u00e1s de 60 a\u00f1os para pagar una casa\" tabindex=\"-1\" >\n\t\t\tLlegir \u00bb\t\t<\/a>\n\n\t\t\t\t<\/div>\n\t\t\t\t\t<\/div>\n\t\t<\/article>\n\t\t\t\t<article class=\"elementor-post elementor-grid-item post-4381 post type-post status-publish format-standard has-post-thumbnail hentry category-mitjans\" role=\"listitem\">\n\t\t\t<div class=\"elementor-post__card\">\n\t\t\t\t<a class=\"elementor-post__thumbnail__link\" href=\"https:\/\/memoriacesib.es\/2024\/los-ciudadanos-de-baleares-necesitan-608-anos-para-comprar-una-vivienda\/\" tabindex=\"-1\" ><div class=\"elementor-post__thumbnail\"><img loading=\"lazy\" decoding=\"async\" width=\"1382\" height=\"914\" src=\"https:\/\/memoriacesib.es\/2024\/wp-content\/uploads\/CadenaSer.jpg\" class=\"attachment-full size-full wp-image-4318\" alt=\"\" srcset=\"https:\/\/memoriacesib.es\/2024\/wp-content\/uploads\/CadenaSer.jpg 1382w, https:\/\/memoriacesib.es\/2024\/wp-content\/uploads\/CadenaSer-300x198.jpg 300w, https:\/\/memoriacesib.es\/2024\/wp-content\/uploads\/CadenaSer-1024x677.jpg 1024w, https:\/\/memoriacesib.es\/2024\/wp-content\/uploads\/CadenaSer-768x508.jpg 768w\" sizes=\"(max-width: 1382px) 100vw, 1382px\" \/><\/div><\/a>\n\t\t\t\t<div class=\"elementor-post__text\">\n\t\t\t\t<h3 class=\"elementor-post__title\">\n\t\t\t<a href=\"https:\/\/memoriacesib.es\/2024\/los-ciudadanos-de-baleares-necesitan-608-anos-para-comprar-una-vivienda\/\" >\n\t\t\t\tLos ciudadanos de Baleares necesitan 60,8 a\u00f1os para comprar una vivienda\t\t\t<\/a>\n\t\t<\/h3>\n\t\t\t\t<div class=\"elementor-post__excerpt\">\n\t\t\t<p>PALMA | 22.10.2025 (ONDA CERO) Llegir m\u00e9s Tornar<\/p>\n\t\t<\/div>\n\t\t\n\t\t<a class=\"elementor-post__read-more\" href=\"https:\/\/memoriacesib.es\/2024\/los-ciudadanos-de-baleares-necesitan-608-anos-para-comprar-una-vivienda\/\" aria-label=\"M\u00e1s informaci\u00f3n sobre Los ciudadanos de Baleares necesitan 60,8 a\u00f1os para comprar una vivienda\" tabindex=\"-1\" >\n\t\t\tLlegir \u00bb\t\t<\/a>\n\n\t\t\t\t<\/div>\n\t\t\t\t\t<\/div>\n\t\t<\/article>\n\t\t\t\t<article class=\"elementor-post elementor-grid-item post-4372 post type-post status-publish format-standard has-post-thumbnail hentry category-mitjans\" role=\"listitem\">\n\t\t\t<div class=\"elementor-post__card\">\n\t\t\t\t<a class=\"elementor-post__thumbnail__link\" href=\"https:\/\/memoriacesib.es\/2024\/margalida-prohens-recibe-la-memoria-del-ces-2024-de-manos-de-su-presidente-francesc-fiol\/\" tabindex=\"-1\" ><div class=\"elementor-post__thumbnail\"><img loading=\"lazy\" decoding=\"async\" width=\"1382\" height=\"914\" src=\"https:\/\/memoriacesib.es\/2024\/wp-content\/uploads\/FIBWI.jpg\" class=\"attachment-full size-full wp-image-4373\" alt=\"\" srcset=\"https:\/\/memoriacesib.es\/2024\/wp-content\/uploads\/FIBWI.jpg 1382w, https:\/\/memoriacesib.es\/2024\/wp-content\/uploads\/FIBWI-300x198.jpg 300w, https:\/\/memoriacesib.es\/2024\/wp-content\/uploads\/FIBWI-1024x677.jpg 1024w, https:\/\/memoriacesib.es\/2024\/wp-content\/uploads\/FIBWI-768x508.jpg 768w\" sizes=\"(max-width: 1382px) 100vw, 1382px\" \/><\/div><\/a>\n\t\t\t\t<div class=\"elementor-post__text\">\n\t\t\t\t<h3 class=\"elementor-post__title\">\n\t\t\t<a href=\"https:\/\/memoriacesib.es\/2024\/margalida-prohens-recibe-la-memoria-del-ces-2024-de-manos-de-su-presidente-francesc-fiol\/\" >\n\t\t\t\tMargalida Prohens recibe la Memoria del CES 2024 de manos de su presidente, Francesc Fiol\t\t\t<\/a>\n\t\t<\/h3>\n\t\t\t\t<div class=\"elementor-post__excerpt\">\n\t\t\t<p>PALMA | 22.10.2025 (FIBWI DIARIO) Llegir m\u00e9s Tornar<\/p>\n\t\t<\/div>\n\t\t\n\t\t<a class=\"elementor-post__read-more\" href=\"https:\/\/memoriacesib.es\/2024\/margalida-prohens-recibe-la-memoria-del-ces-2024-de-manos-de-su-presidente-francesc-fiol\/\" aria-label=\"M\u00e1s informaci\u00f3n sobre Margalida Prohens recibe la Memoria del CES 2024 de manos de su presidente, Francesc Fiol\" tabindex=\"-1\" >\n\t\t\tLlegir \u00bb\t\t<\/a>\n\n\t\t\t\t<\/div>\n\t\t\t\t\t<\/div>\n\t\t<\/article>\n\t\t\t\t<article class=\"elementor-post elementor-grid-item post-4364 post type-post status-publish format-standard has-post-thumbnail hentry category-mitjans\" role=\"listitem\">\n\t\t\t<div class=\"elementor-post__card\">\n\t\t\t\t<a class=\"elementor-post__thumbnail__link\" href=\"https:\/\/memoriacesib.es\/2024\/baleares-consolida-el-dinamismo-de-su-economia-mientras-sigue-creciendo-la-dificultad-para-acceder-a-una-vivienda\/\" tabindex=\"-1\" ><div class=\"elementor-post__thumbnail\"><img loading=\"lazy\" decoding=\"async\" width=\"1382\" height=\"914\" src=\"https:\/\/memoriacesib.es\/2024\/wp-content\/uploads\/Diario-de-Mallorca-2.jpg\" class=\"attachment-full size-full wp-image-4332\" alt=\"\" srcset=\"https:\/\/memoriacesib.es\/2024\/wp-content\/uploads\/Diario-de-Mallorca-2.jpg 1382w, https:\/\/memoriacesib.es\/2024\/wp-content\/uploads\/Diario-de-Mallorca-2-300x198.jpg 300w, https:\/\/memoriacesib.es\/2024\/wp-content\/uploads\/Diario-de-Mallorca-2-1024x677.jpg 1024w, https:\/\/memoriacesib.es\/2024\/wp-content\/uploads\/Diario-de-Mallorca-2-768x508.jpg 768w\" sizes=\"(max-width: 1382px) 100vw, 1382px\" \/><\/div><\/a>\n\t\t\t\t<div class=\"elementor-post__text\">\n\t\t\t\t<h3 class=\"elementor-post__title\">\n\t\t\t<a href=\"https:\/\/memoriacesib.es\/2024\/baleares-consolida-el-dinamismo-de-su-economia-mientras-sigue-creciendo-la-dificultad-para-acceder-a-una-vivienda\/\" >\n\t\t\t\tBaleares consolida el dinamismo de su econom\u00eda mientras sigue creciendo la dificultad para acceder a una vivienda\t\t\t<\/a>\n\t\t<\/h3>\n\t\t\t\t<div class=\"elementor-post__excerpt\">\n\t\t\t<p>PALMA | 22.10.2025 (EUROPA PRESS) Llegir m\u00e9s Tornar<\/p>\n\t\t<\/div>\n\t\t\n\t\t<a class=\"elementor-post__read-more\" href=\"https:\/\/memoriacesib.es\/2024\/baleares-consolida-el-dinamismo-de-su-economia-mientras-sigue-creciendo-la-dificultad-para-acceder-a-una-vivienda\/\" aria-label=\"M\u00e1s informaci\u00f3n sobre Baleares consolida el dinamismo de su econom\u00eda mientras sigue creciendo la dificultad para acceder a una vivienda\" tabindex=\"-1\" >\n\t\t\tLlegir \u00bb\t\t<\/a>\n\n\t\t\t\t<\/div>\n\t\t\t\t\t<\/div>\n\t\t<\/article>\n\t\t\t\t<article class=\"elementor-post elementor-grid-item post-4355 post type-post status-publish format-standard has-post-thumbnail hentry category-mitjans\" role=\"listitem\">\n\t\t\t<div class=\"elementor-post__card\">\n\t\t\t\t<a class=\"elementor-post__thumbnail__link\" href=\"https:\/\/memoriacesib.es\/2024\/baleares-rompe-el-techo-de-poblacion-con-un-10-por-ciento-mas-de-habitantes-en-una-decada\/\" tabindex=\"-1\" ><div class=\"elementor-post__thumbnail\"><img loading=\"lazy\" decoding=\"async\" width=\"1382\" height=\"914\" src=\"https:\/\/memoriacesib.es\/2024\/wp-content\/uploads\/MALLORCA-DIARIO.jpg\" class=\"attachment-full size-full wp-image-4356\" alt=\"\" srcset=\"https:\/\/memoriacesib.es\/2024\/wp-content\/uploads\/MALLORCA-DIARIO.jpg 1382w, https:\/\/memoriacesib.es\/2024\/wp-content\/uploads\/MALLORCA-DIARIO-300x198.jpg 300w, https:\/\/memoriacesib.es\/2024\/wp-content\/uploads\/MALLORCA-DIARIO-1024x677.jpg 1024w, https:\/\/memoriacesib.es\/2024\/wp-content\/uploads\/MALLORCA-DIARIO-768x508.jpg 768w\" sizes=\"(max-width: 1382px) 100vw, 1382px\" \/><\/div><\/a>\n\t\t\t\t<div class=\"elementor-post__text\">\n\t\t\t\t<h3 class=\"elementor-post__title\">\n\t\t\t<a href=\"https:\/\/memoriacesib.es\/2024\/baleares-rompe-el-techo-de-poblacion-con-un-10-por-ciento-mas-de-habitantes-en-una-decada\/\" >\n\t\t\t\tBaleares rompe el techo de poblaci\u00f3n con un 10 por ciento m\u00e1s de habitantes en una d\u00e9cada\t\t\t<\/a>\n\t\t<\/h3>\n\t\t\t\t<div class=\"elementor-post__excerpt\">\n\t\t\t<p>PALMA | 22.10.2025 (MALLORCA DIARIO) Llegir m\u00e9s Tornar<\/p>\n\t\t<\/div>\n\t\t\n\t\t<a class=\"elementor-post__read-more\" href=\"https:\/\/memoriacesib.es\/2024\/baleares-rompe-el-techo-de-poblacion-con-un-10-por-ciento-mas-de-habitantes-en-una-decada\/\" aria-label=\"M\u00e1s informaci\u00f3n sobre Baleares rompe el techo de poblaci\u00f3n con un 10 por ciento m\u00e1s de habitantes en una d\u00e9cada\" tabindex=\"-1\" >\n\t\t\tLlegir \u00bb\t\t<\/a>\n\n\t\t\t\t<\/div>\n\t\t\t\t\t<\/div>\n\t\t<\/article>\n\t\t\t\t<article class=\"elementor-post elementor-grid-item post-4337 post type-post status-publish format-standard has-post-thumbnail hentry category-mitjans\" role=\"listitem\">\n\t\t\t<div class=\"elementor-post__card\">\n\t\t\t\t<a class=\"elementor-post__thumbnail__link\" href=\"https:\/\/memoriacesib.es\/2024\/balears-60-anys-habitatge-ces-2024\/\" tabindex=\"-1\" ><div class=\"elementor-post__thumbnail\"><img loading=\"lazy\" decoding=\"async\" width=\"1382\" height=\"914\" src=\"https:\/\/memoriacesib.es\/2024\/wp-content\/uploads\/ARABALEARS.jpg\" class=\"attachment-full size-full wp-image-4338\" alt=\"\" srcset=\"https:\/\/memoriacesib.es\/2024\/wp-content\/uploads\/ARABALEARS.jpg 1382w, https:\/\/memoriacesib.es\/2024\/wp-content\/uploads\/ARABALEARS-300x198.jpg 300w, https:\/\/memoriacesib.es\/2024\/wp-content\/uploads\/ARABALEARS-1024x677.jpg 1024w, https:\/\/memoriacesib.es\/2024\/wp-content\/uploads\/ARABALEARS-768x508.jpg 768w\" sizes=\"(max-width: 1382px) 100vw, 1382px\" \/><\/div><\/a>\n\t\t\t\t<div class=\"elementor-post__text\">\n\t\t\t\t<h3 class=\"elementor-post__title\">\n\t\t\t<a href=\"https:\/\/memoriacesib.es\/2024\/balears-60-anys-habitatge-ces-2024\/\" >\n\t\t\t\tEls ciutadans de les Balears necessiten dues vides laborals per pagar un habitatge\t\t\t<\/a>\n\t\t<\/h3>\n\t\t\t\t<div class=\"elementor-post__excerpt\">\n\t\t\t<p>PALMA | 22.10.2025 (ARA BALEARS) Llegir m\u00e9s Tornar<\/p>\n\t\t<\/div>\n\t\t\n\t\t<a class=\"elementor-post__read-more\" href=\"https:\/\/memoriacesib.es\/2024\/balears-60-anys-habitatge-ces-2024\/\" aria-label=\"M\u00e1s informaci\u00f3n sobre Els ciutadans de les Balears necessiten dues vides laborals per pagar un habitatge\" tabindex=\"-1\" >\n\t\t\tLlegir \u00bb\t\t<\/a>\n\n\t\t\t\t<\/div>\n\t\t\t\t\t<\/div>\n\t\t<\/article>\n\t\t\t\t<article class=\"elementor-post elementor-grid-item post-4331 post type-post status-publish format-standard has-post-thumbnail hentry category-mitjans\" role=\"listitem\">\n\t\t\t<div class=\"elementor-post__card\">\n\t\t\t\t<a class=\"elementor-post__thumbnail__link\" href=\"https:\/\/memoriacesib.es\/2024\/baleares-consolida-el-dinamismo-de-su-economia\/\" tabindex=\"-1\" ><div class=\"elementor-post__thumbnail\"><img loading=\"lazy\" decoding=\"async\" width=\"1382\" height=\"914\" src=\"https:\/\/memoriacesib.es\/2024\/wp-content\/uploads\/Diario-de-Mallorca-2.jpg\" class=\"attachment-full size-full wp-image-4332\" alt=\"\" srcset=\"https:\/\/memoriacesib.es\/2024\/wp-content\/uploads\/Diario-de-Mallorca-2.jpg 1382w, https:\/\/memoriacesib.es\/2024\/wp-content\/uploads\/Diario-de-Mallorca-2-300x198.jpg 300w, https:\/\/memoriacesib.es\/2024\/wp-content\/uploads\/Diario-de-Mallorca-2-1024x677.jpg 1024w, https:\/\/memoriacesib.es\/2024\/wp-content\/uploads\/Diario-de-Mallorca-2-768x508.jpg 768w\" sizes=\"(max-width: 1382px) 100vw, 1382px\" \/><\/div><\/a>\n\t\t\t\t<div class=\"elementor-post__text\">\n\t\t\t\t<h3 class=\"elementor-post__title\">\n\t\t\t<a href=\"https:\/\/memoriacesib.es\/2024\/baleares-consolida-el-dinamismo-de-su-economia\/\" >\n\t\t\t\tBaleares consolida el dinamismo de su econom\u00eda mientras sigue creciendo la dificultad para acceder a una vivienda\t\t\t<\/a>\n\t\t<\/h3>\n\t\t\t\t<div class=\"elementor-post__excerpt\">\n\t\t\t<p>PALMA | 22.10.2025 (DIARIO DE MALLORCA) Llegir m\u00e9s Tornar<\/p>\n\t\t<\/div>\n\t\t\n\t\t<a class=\"elementor-post__read-more\" href=\"https:\/\/memoriacesib.es\/2024\/baleares-consolida-el-dinamismo-de-su-economia\/\" aria-label=\"M\u00e1s informaci\u00f3n sobre Baleares consolida el dinamismo de su econom\u00eda mientras sigue creciendo la dificultad para acceder a una vivienda\" tabindex=\"-1\" >\n\t\t\tLlegir \u00bb\t\t<\/a>\n\n\t\t\t\t<\/div>\n\t\t\t\t\t<\/div>\n\t\t<\/article>\n\t\t\t\t<article class=\"elementor-post elementor-grid-item post-4325 post type-post status-publish format-standard has-post-thumbnail hentry category-mitjans\" role=\"listitem\">\n\t\t\t<div class=\"elementor-post__card\">\n\t\t\t\t<a class=\"elementor-post__thumbnail__link\" href=\"https:\/\/memoriacesib.es\/2024\/60-8-anos-comprar-vivienda-baleares-ces\/\" tabindex=\"-1\" ><div class=\"elementor-post__thumbnail\"><img loading=\"lazy\" decoding=\"async\" width=\"1382\" height=\"914\" src=\"https:\/\/memoriacesib.es\/2024\/wp-content\/uploads\/NouDiari.jpg\" class=\"attachment-full size-full wp-image-4326\" alt=\"\" srcset=\"https:\/\/memoriacesib.es\/2024\/wp-content\/uploads\/NouDiari.jpg 1382w, https:\/\/memoriacesib.es\/2024\/wp-content\/uploads\/NouDiari-300x198.jpg 300w, https:\/\/memoriacesib.es\/2024\/wp-content\/uploads\/NouDiari-1024x677.jpg 1024w, https:\/\/memoriacesib.es\/2024\/wp-content\/uploads\/NouDiari-768x508.jpg 768w\" sizes=\"(max-width: 1382px) 100vw, 1382px\" \/><\/div><\/a>\n\t\t\t\t<div class=\"elementor-post__text\">\n\t\t\t\t<h3 class=\"elementor-post__title\">\n\t\t\t<a href=\"https:\/\/memoriacesib.es\/2024\/60-8-anos-comprar-vivienda-baleares-ces\/\" >\n\t\t\t\tUn residente en Baleares necesita 60,8 a\u00f1os para comprar una vivienda, el doble que la media nacional\t\t\t<\/a>\n\t\t<\/h3>\n\t\t\t\t<div class=\"elementor-post__excerpt\">\n\t\t\t<p>PALMA | 22.10.2025 (NOU DIARI) Llegir m\u00e9s Tornar<\/p>\n\t\t<\/div>\n\t\t\n\t\t<a class=\"elementor-post__read-more\" href=\"https:\/\/memoriacesib.es\/2024\/60-8-anos-comprar-vivienda-baleares-ces\/\" aria-label=\"M\u00e1s informaci\u00f3n sobre Un residente en Baleares necesita 60,8 a\u00f1os para comprar una vivienda, el doble que la media nacional\" tabindex=\"-1\" >\n\t\t\tLlegir \u00bb\t\t<\/a>\n\n\t\t\t\t<\/div>\n\t\t\t\t\t<\/div>\n\t\t<\/article>\n\t\t\t\t<article class=\"elementor-post elementor-grid-item post-4316 post type-post status-publish format-standard has-post-thumbnail hentry category-mitjans\" role=\"listitem\">\n\t\t\t<div class=\"elementor-post__card\">\n\t\t\t\t<a class=\"elementor-post__thumbnail__link\" href=\"https:\/\/memoriacesib.es\/2024\/60-anos-para-comprar-vivienda-baleares\/\" tabindex=\"-1\" ><div class=\"elementor-post__thumbnail\"><img loading=\"lazy\" decoding=\"async\" width=\"1382\" height=\"914\" src=\"https:\/\/memoriacesib.es\/2024\/wp-content\/uploads\/CadenaSer.jpg\" class=\"attachment-full size-full wp-image-4318\" alt=\"\" srcset=\"https:\/\/memoriacesib.es\/2024\/wp-content\/uploads\/CadenaSer.jpg 1382w, https:\/\/memoriacesib.es\/2024\/wp-content\/uploads\/CadenaSer-300x198.jpg 300w, https:\/\/memoriacesib.es\/2024\/wp-content\/uploads\/CadenaSer-1024x677.jpg 1024w, https:\/\/memoriacesib.es\/2024\/wp-content\/uploads\/CadenaSer-768x508.jpg 768w\" sizes=\"(max-width: 1382px) 100vw, 1382px\" \/><\/div><\/a>\n\t\t\t\t<div class=\"elementor-post__text\">\n\t\t\t\t<h3 class=\"elementor-post__title\">\n\t\t\t<a href=\"https:\/\/memoriacesib.es\/2024\/60-anos-para-comprar-vivienda-baleares\/\" >\n\t\t\t\tUn residente en Baleares necesita 60,8 a\u00f1os para comprar una vivienda, seg\u00fan el CES\t\t\t<\/a>\n\t\t<\/h3>\n\t\t\t\t<div class=\"elementor-post__excerpt\">\n\t\t\t<p>PALMA | 22.10.2025 (CADENA SER) Llegir m\u00e9s Tornar<\/p>\n\t\t<\/div>\n\t\t\n\t\t<a class=\"elementor-post__read-more\" href=\"https:\/\/memoriacesib.es\/2024\/60-anos-para-comprar-vivienda-baleares\/\" aria-label=\"M\u00e1s informaci\u00f3n sobre Un residente en Baleares necesita 60,8 a\u00f1os para comprar una vivienda, seg\u00fan el CES\" tabindex=\"-1\" >\n\t\t\tLlegir \u00bb\t\t<\/a>\n\n\t\t\t\t<\/div>\n\t\t\t\t\t<\/div>\n\t\t<\/article>\n\t\t\t\t<article class=\"elementor-post elementor-grid-item post-3756 post type-post status-publish format-standard has-post-thumbnail hentry category-mitjans\" role=\"listitem\">\n\t\t\t<div class=\"elementor-post__card\">\n\t\t\t\t<a class=\"elementor-post__thumbnail__link\" href=\"https:\/\/memoriacesib.es\/2024\/diario-de-mallorca-residente-baleares-necesita\/\" tabindex=\"-1\" ><div class=\"elementor-post__thumbnail\"><img loading=\"lazy\" decoding=\"async\" width=\"1382\" height=\"914\" src=\"https:\/\/memoriacesib.es\/2024\/wp-content\/uploads\/Diario-de-Mallorca-22_10_25.jpg\" class=\"attachment-full size-full wp-image-4286\" alt=\"\" srcset=\"https:\/\/memoriacesib.es\/2024\/wp-content\/uploads\/Diario-de-Mallorca-22_10_25.jpg 1382w, https:\/\/memoriacesib.es\/2024\/wp-content\/uploads\/Diario-de-Mallorca-22_10_25-300x198.jpg 300w, https:\/\/memoriacesib.es\/2024\/wp-content\/uploads\/Diario-de-Mallorca-22_10_25-1024x677.jpg 1024w, https:\/\/memoriacesib.es\/2024\/wp-content\/uploads\/Diario-de-Mallorca-22_10_25-768x508.jpg 768w\" sizes=\"(max-width: 1382px) 100vw, 1382px\" \/><\/div><\/a>\n\t\t\t\t<div class=\"elementor-post__text\">\n\t\t\t\t<h3 class=\"elementor-post__title\">\n\t\t\t<a href=\"https:\/\/memoriacesib.es\/2024\/diario-de-mallorca-residente-baleares-necesita\/\" >\n\t\t\t\tUn residente en Baleares necesita 60,8 a\u00f1os para comprar una vivienda, seg\u00fan el CES\t\t\t<\/a>\n\t\t<\/h3>\n\t\t\t\t<div class=\"elementor-post__excerpt\">\n\t\t\t<p>PALMA | 22.10.2025 (DIARIO DE MALLORCA) Llegir m\u00e9s Tornar<\/p>\n\t\t<\/div>\n\t\t\n\t\t<a class=\"elementor-post__read-more\" href=\"https:\/\/memoriacesib.es\/2024\/diario-de-mallorca-residente-baleares-necesita\/\" aria-label=\"M\u00e1s informaci\u00f3n sobre Un residente en Baleares necesita 60,8 a\u00f1os para comprar una vivienda, seg\u00fan el CES\" tabindex=\"-1\" >\n\t\t\tLlegir \u00bb\t\t<\/a>\n\n\t\t\t\t<\/div>\n\t\t\t\t\t<\/div>\n\t\t<\/article>\n\t\t\t\t<\/div>\n\t\t\t\t\t<span class=\"e-load-more-spinner\">\n\t\t\t\t<i aria-hidden=\"true\" class=\"fas fa-spinner\"><\/i>\t\t\t<\/span>\n\t\t\n\t\t\t\t\t\t<\/div>\n\t\t\t\t<\/div>\n\t\t\t\t\t<\/div>\n\t\t<\/div>\n\t\t\t\t\t<\/div>\n\t\t<\/section>\n\t\t\t\t\t<\/div>\n\t\t<\/div>\n\t\t\t\t\t<\/div>\n\t\t<\/section>\n\t\t\t\t<\/div>\n\t\t","protected":false},"excerpt":{"rendered":"<p>Mem\u00f2ria del CES als mitjans<\/p>\n","protected":false},"author":1,"featured_media":0,"parent":0,"menu_order":6,"comment_status":"closed","ping_status":"closed","template":"","meta":{"footnotes":""},"class_list":["post-264","page","type-page","status-publish","hentry"],"yoast_head":"<!-- This site is optimized with the Yoast SEO plugin v27.3 - https:\/\/yoast.com\/product\/yoast-seo-wordpress\/ -->\n<title>Premsa - Memoria CES 2024<\/title>\n<meta name=\"robots\" content=\"index, follow, max-snippet:-1, max-image-preview:large, max-video-preview:-1\" \/>\n<link rel=\"canonical\" href=\"https:\/\/memoriacesib.es\/2024\/premsa-2\/\" \/>\n<meta property=\"og:locale\" content=\"es_ES\" \/>\n<meta property=\"og:type\" content=\"article\" \/>\n<meta property=\"og:title\" content=\"Premsa - Memoria CES 2024\" \/>\n<meta property=\"og:description\" content=\"Mem\u00f2ria del CES als mitjans\" \/>\n<meta property=\"og:url\" content=\"https:\/\/memoriacesib.es\/2024\/premsa-2\/\" \/>\n<meta property=\"og:site_name\" content=\"Memoria CES 2024\" \/>\n<meta property=\"article:publisher\" content=\"https:\/\/www.facebook.com\/cesillesbalears\" \/>\n<meta property=\"article:modified_time\" content=\"2023-11-11T08:06:31+00:00\" \/>\n<meta name=\"twitter:card\" content=\"summary_large_image\" \/>\n<meta name=\"twitter:site\" content=\"@ces_ib\" \/>\n<meta name=\"twitter:label1\" content=\"Tiempo de lectura\" \/>\n\t<meta name=\"twitter:data1\" content=\"4 minutos\" \/>\n<script type=\"application\/ld+json\" class=\"yoast-schema-graph\">{\"@context\":\"https:\\\/\\\/schema.org\",\"@graph\":[{\"@type\":\"WebPage\",\"@id\":\"https:\\\/\\\/memoriacesib.es\\\/2024\\\/premsa-2\\\/\",\"url\":\"https:\\\/\\\/memoriacesib.es\\\/2024\\\/premsa-2\\\/\",\"name\":\"Premsa - Memoria CES 2024\",\"isPartOf\":{\"@id\":\"https:\\\/\\\/memoriacesib.es\\\/2024\\\/#website\"},\"datePublished\":\"2023-06-20T10:41:09+00:00\",\"dateModified\":\"2023-11-11T08:06:31+00:00\",\"breadcrumb\":{\"@id\":\"https:\\\/\\\/memoriacesib.es\\\/2024\\\/premsa-2\\\/#breadcrumb\"},\"inLanguage\":\"es\",\"potentialAction\":[{\"@type\":\"ReadAction\",\"target\":[\"https:\\\/\\\/memoriacesib.es\\\/2024\\\/premsa-2\\\/\"]}]},{\"@type\":\"BreadcrumbList\",\"@id\":\"https:\\\/\\\/memoriacesib.es\\\/2024\\\/premsa-2\\\/#breadcrumb\",\"itemListElement\":[{\"@type\":\"ListItem\",\"position\":1,\"name\":\"Portada\",\"item\":\"https:\\\/\\\/memoriacesib.es\\\/2024\\\/\"},{\"@type\":\"ListItem\",\"position\":2,\"name\":\"Premsa\"}]},{\"@type\":\"WebSite\",\"@id\":\"https:\\\/\\\/memoriacesib.es\\\/2024\\\/#website\",\"url\":\"https:\\\/\\\/memoriacesib.es\\\/2024\\\/\",\"name\":\"Memoria CES 2024\",\"description\":\"Memoria CES 2024\",\"publisher\":{\"@id\":\"https:\\\/\\\/memoriacesib.es\\\/2024\\\/#organization\"},\"potentialAction\":[{\"@type\":\"SearchAction\",\"target\":{\"@type\":\"EntryPoint\",\"urlTemplate\":\"https:\\\/\\\/memoriacesib.es\\\/2024\\\/?s={search_term_string}\"},\"query-input\":{\"@type\":\"PropertyValueSpecification\",\"valueRequired\":true,\"valueName\":\"search_term_string\"}}],\"inLanguage\":\"es\"},{\"@type\":\"Organization\",\"@id\":\"https:\\\/\\\/memoriacesib.es\\\/2024\\\/#organization\",\"name\":\"Consell Economic i Social de les Illes Balears (CES)\",\"url\":\"https:\\\/\\\/memoriacesib.es\\\/2024\\\/\",\"logo\":{\"@type\":\"ImageObject\",\"inLanguage\":\"es\",\"@id\":\"https:\\\/\\\/memoriacesib.es\\\/2024\\\/#\\\/schema\\\/logo\\\/image\\\/\",\"url\":\"https:\\\/\\\/memoriacesib.es\\\/2024\\\/wp-content\\\/uploads\\\/2023\\\/06\\\/Logo-Memoria-Ces-2023.png\",\"contentUrl\":\"https:\\\/\\\/memoriacesib.es\\\/2024\\\/wp-content\\\/uploads\\\/2023\\\/06\\\/Logo-Memoria-Ces-2023.png\",\"width\":800,\"height\":195,\"caption\":\"Consell Economic i Social de les Illes Balears (CES)\"},\"image\":{\"@id\":\"https:\\\/\\\/memoriacesib.es\\\/2024\\\/#\\\/schema\\\/logo\\\/image\\\/\"},\"sameAs\":[\"https:\\\/\\\/www.facebook.com\\\/cesillesbalears\",\"https:\\\/\\\/x.com\\\/ces_ib\",\"https:\\\/\\\/www.youtube.com\\\/channel\\\/UCrEmO9wh7KlUaQ9dWzvYrVg\"]}]}<\/script>\n<!-- \/ Yoast SEO plugin. -->","yoast_head_json":{"title":"Premsa - Memoria CES 2024","robots":{"index":"index","follow":"follow","max-snippet":"max-snippet:-1","max-image-preview":"max-image-preview:large","max-video-preview":"max-video-preview:-1"},"canonical":"https:\/\/memoriacesib.es\/2024\/premsa-2\/","og_locale":"es_ES","og_type":"article","og_title":"Premsa - Memoria CES 2024","og_description":"Mem\u00f2ria del CES als mitjans","og_url":"https:\/\/memoriacesib.es\/2024\/premsa-2\/","og_site_name":"Memoria CES 2024","article_publisher":"https:\/\/www.facebook.com\/cesillesbalears","article_modified_time":"2023-11-11T08:06:31+00:00","twitter_card":"summary_large_image","twitter_site":"@ces_ib","twitter_misc":{"Tiempo de lectura":"4 minutos"},"schema":{"@context":"https:\/\/schema.org","@graph":[{"@type":"WebPage","@id":"https:\/\/memoriacesib.es\/2024\/premsa-2\/","url":"https:\/\/memoriacesib.es\/2024\/premsa-2\/","name":"Premsa - Memoria CES 2024","isPartOf":{"@id":"https:\/\/memoriacesib.es\/2024\/#website"},"datePublished":"2023-06-20T10:41:09+00:00","dateModified":"2023-11-11T08:06:31+00:00","breadcrumb":{"@id":"https:\/\/memoriacesib.es\/2024\/premsa-2\/#breadcrumb"},"inLanguage":"es","potentialAction":[{"@type":"ReadAction","target":["https:\/\/memoriacesib.es\/2024\/premsa-2\/"]}]},{"@type":"BreadcrumbList","@id":"https:\/\/memoriacesib.es\/2024\/premsa-2\/#breadcrumb","itemListElement":[{"@type":"ListItem","position":1,"name":"Portada","item":"https:\/\/memoriacesib.es\/2024\/"},{"@type":"ListItem","position":2,"name":"Premsa"}]},{"@type":"WebSite","@id":"https:\/\/memoriacesib.es\/2024\/#website","url":"https:\/\/memoriacesib.es\/2024\/","name":"Memoria CES 2024","description":"Memoria CES 2024","publisher":{"@id":"https:\/\/memoriacesib.es\/2024\/#organization"},"potentialAction":[{"@type":"SearchAction","target":{"@type":"EntryPoint","urlTemplate":"https:\/\/memoriacesib.es\/2024\/?s={search_term_string}"},"query-input":{"@type":"PropertyValueSpecification","valueRequired":true,"valueName":"search_term_string"}}],"inLanguage":"es"},{"@type":"Organization","@id":"https:\/\/memoriacesib.es\/2024\/#organization","name":"Consell Economic i Social de les Illes Balears (CES)","url":"https:\/\/memoriacesib.es\/2024\/","logo":{"@type":"ImageObject","inLanguage":"es","@id":"https:\/\/memoriacesib.es\/2024\/#\/schema\/logo\/image\/","url":"https:\/\/memoriacesib.es\/2024\/wp-content\/uploads\/2023\/06\/Logo-Memoria-Ces-2023.png","contentUrl":"https:\/\/memoriacesib.es\/2024\/wp-content\/uploads\/2023\/06\/Logo-Memoria-Ces-2023.png","width":800,"height":195,"caption":"Consell Economic i Social de les Illes Balears (CES)"},"image":{"@id":"https:\/\/memoriacesib.es\/2024\/#\/schema\/logo\/image\/"},"sameAs":["https:\/\/www.facebook.com\/cesillesbalears","https:\/\/x.com\/ces_ib","https:\/\/www.youtube.com\/channel\/UCrEmO9wh7KlUaQ9dWzvYrVg"]}]}},"_links":{"self":[{"href":"https:\/\/memoriacesib.es\/2024\/wp-json\/wp\/v2\/pages\/264","targetHints":{"allow":["GET"]}}],"collection":[{"href":"https:\/\/memoriacesib.es\/2024\/wp-json\/wp\/v2\/pages"}],"about":[{"href":"https:\/\/memoriacesib.es\/2024\/wp-json\/wp\/v2\/types\/page"}],"author":[{"embeddable":true,"href":"https:\/\/memoriacesib.es\/2024\/wp-json\/wp\/v2\/users\/1"}],"replies":[{"embeddable":true,"href":"https:\/\/memoriacesib.es\/2024\/wp-json\/wp\/v2\/comments?post=264"}],"version-history":[{"count":29,"href":"https:\/\/memoriacesib.es\/2024\/wp-json\/wp\/v2\/pages\/264\/revisions"}],"predecessor-version":[{"id":3050,"href":"https:\/\/memoriacesib.es\/2024\/wp-json\/wp\/v2\/pages\/264\/revisions\/3050"}],"wp:attachment":[{"href":"https:\/\/memoriacesib.es\/2024\/wp-json\/wp\/v2\/media?parent=264"}],"curies":[{"name":"wp","href":"https:\/\/api.w.org\/{rel}","templated":true}]}}